{"id":133,"date":"2015-05-01T08:55:21","date_gmt":"2015-05-01T08:55:21","guid":{"rendered":"http:\/\/localhost\/santi\/?page_id=133"},"modified":"2022-02-11T20:15:56","modified_gmt":"2022-02-11T20:15:56","slug":"construcciones-reformas-tarragona","status":"publish","type":"page","link":"https:\/\/www.construccionsireformessanti.com\/ca\/","title":{"rendered":"construcciones y reformas en tarragona"},"content":{"rendered":"<p>[et_pb_section fb_built=\u00bb1&#8243; fullwidth=\u00bbon\u00bb custom_padding_last_edited=\u00bbon|desktop\u00bb admin_label=\u00bbsection\u00bb _builder_version=\u00bb4.9.4&#8243; custom_margin=\u00bb||||false|false\u00bb custom_padding=\u00bb0px||||false|false\u00bb custom_padding_tablet=\u00bb50px|0|50px|0&#8243; custom_padding_phone=\u00bb\u00bb global_colors_info=\u00bb{}\u00bb][et_pb_fullwidth_slider admin_label=\u00bbControl deslizante de anchura completa\u00bb _builder_version=\u00bb4.14.7&#8243; header_letter_spacing=\u00bb0&#8243; header_line_height=\u00bb1&#8243; body_letter_spacing=\u00bb0&#8243; body_line_height=\u00bb1.7&#8243; width=\u00bb100%\u00bb max_width=\u00bb100%\u00bb content_width=\u00bb100%\u00bb content_max_width=\u00bb100%\u00bb custom_padding=\u00bb20vh||20vh||true|false\u00bb custom_padding_tablet=\u00bb|||\u00bb custom_padding_phone=\u00bb7vh||7vh||true|false\u00bb custom_padding_last_edited=\u00bbon|phone\u00bb auto=\u00bbon\u00bb auto_speed=\u00bb5000&#8243; hover_enabled=\u00bb0&#8243; header_letter_spacing_tablet=\u00bb0&#8243; header_letter_spacing_phone=\u00bb0&#8243; header_line_height_tablet=\u00bb1&#8243; header_line_height_phone=\u00bb1&#8243; body_letter_spacing_tablet=\u00bb0&#8243; body_letter_spacing_phone=\u00bb0&#8243; body_line_height_tablet=\u00bb1.7&#8243; body_line_height_phone=\u00bb1.7&#8243; background_last_edited=\u00bbon|desktop\u00bb box_shadow_style=\u00bbpreset6&#8243; box_shadow_blur=\u00bb10px\u00bb box_shadow_color=\u00bbrgba(0,0,0,0.1)\u00bb global_colors_info=\u00bb{}\u00bb button_text_size__hover_enabled=\u00bboff\u00bb button_one_text_size__hover_enabled=\u00bboff\u00bb button_two_text_size__hover_enabled=\u00bboff\u00bb button_text_color__hover_enabled=\u00bboff\u00bb button_one_text_color__hover_enabled=\u00bboff\u00bb button_two_text_color__hover_enabled=\u00bboff\u00bb button_border_width__hover_enabled=\u00bboff\u00bb button_one_border_width__hover_enabled=\u00bboff\u00bb button_two_border_width__hover_enabled=\u00bboff\u00bb button_border_color__hover_enabled=\u00bboff\u00bb button_one_border_color__hover_enabled=\u00bboff\u00bb button_two_border_color__hover_enabled=\u00bboff\u00bb button_border_radius__hover_enabled=\u00bboff\u00bb button_one_border_radius__hover_enabled=\u00bboff\u00bb button_two_border_radius__hover_enabled=\u00bboff\u00bb button_letter_spacing__hover_enabled=\u00bboff\u00bb button_one_letter_spacing__hover_enabled=\u00bboff\u00bb button_two_letter_spacing__hover_enabled=\u00bboff\u00bb button_bg_color__hover_enabled=\u00bboff\u00bb button_one_bg_color__hover_enabled=\u00bboff\u00bb button_two_bg_color__hover_enabled=\u00bboff\u00bb sticky_enabled=\u00bb0&#8243;][et_pb_slide heading=\u00bbReformas en Tarragona &#8211; Construcciones y Montajes Santi\u00bb use_bg_overlay=\u00bboff\u00bb use_text_overlay=\u00bbon\u00bb text_overlay_color=\u00bbrgba(255,255,255,0.54)\u00bb admin_title=\u00bbReformas integrales TGN\u00bb text_border_radius=\u00bb3px\u00bb _builder_version=\u00bb4.14.4&#8243; header_level=\u00bbh1&#8243; header_font=\u00bb|600||on|||||\u00bb header_text_color=\u00bb#000000&#8243; body_font=\u00bb||||\u00bb body_text_color=\u00bbgcid-b04ac8a4-62fb-4bb3-a65a-7c9228aa40c8&#8243; background_color=\u00bb#ffffff\u00bb background_image=\u00bbhttps:\/\/www.construccionsireformessanti.com\/wp-content\/uploads\/2018\/02\/casa-moderna.png\u00bb background_enable_image=\u00bbon\u00bb button_icon_placement=\u00bbright\u00bb button_on_hover=\u00bbon\u00bb hover_enabled=\u00bb0&#8243; header_font_size_tablet=\u00bb27px\u00bb header_font_size_phone=\u00bb24px\u00bb header_font_size_last_edited=\u00bbon|phone\u00bb global_colors_info=\u00bb{%22gcid-b04ac8a4-62fb-4bb3-a65a-7c9228aa40c8%22:%91%22body_text_color%22%93}\u00bb button_text_size__hover_enabled=\u00bboff\u00bb button_one_text_size__hover_enabled=\u00bboff\u00bb button_two_text_size__hover_enabled=\u00bboff\u00bb button_text_color__hover_enabled=\u00bboff\u00bb button_one_text_color__hover_enabled=\u00bboff\u00bb button_two_text_color__hover_enabled=\u00bboff\u00bb button_border_width__hover_enabled=\u00bboff\u00bb button_one_border_width__hover_enabled=\u00bboff\u00bb button_two_border_width__hover_enabled=\u00bboff\u00bb button_border_color__hover_enabled=\u00bboff\u00bb button_one_border_color__hover_enabled=\u00bboff\u00bb button_two_border_color__hover_enabled=\u00bboff\u00bb button_border_radius__hover_enabled=\u00bboff\u00bb button_one_border_radius__hover_enabled=\u00bboff\u00bb button_two_border_radius__hover_enabled=\u00bboff\u00bb button_letter_spacing__hover_enabled=\u00bboff\u00bb button_one_letter_spacing__hover_enabled=\u00bboff\u00bb button_two_letter_spacing__hover_enabled=\u00bboff\u00bb button_bg_color__hover_enabled=\u00bboff\u00bb button_one_bg_color__hover_enabled=\u00bboff\u00bb button_two_bg_color__hover_enabled=\u00bboff\u00bb sticky_transition=\u00bbon\u00bb sticky_enabled=\u00bb0&#8243;]<\/p>\n<p style=\"text-align: center;\">Empresa especializada en <strong>Construcciones y Reformas en Tarragona<\/strong><\/p>\n<p style=\"text-align: center;\">Realizamos todo tipo de reformas en la provincia: reformas integrales, reformas de ba\u00f1os, reformas de cocinas, escaleras met\u00e1licas, celos\u00edas met\u00e1licas personalizadas, cerramientos met\u00e1licos personalizados etc.<\/p>\n<p style=\"text-align: center;\">Contacta con nosotros para m\u00e1s informaci\u00f3n<\/p>\n<p style=\"text-align: center;\"><a href=\"\/contacto\/\" class=\"et_pb_button but-cont-slide\" style=\"background-color: black; font-size: 14px; margin-top: 1.5em; display: block; max-width: max-content; margin-left: auto; margin-right: auto;\">Contactar con CiM Santi<\/a><\/p>\n<p>[\/et_pb_slide][et_pb_slide button_text=\u00bbM\u00e1s informaci\u00f3n\u00bb button_link=\u00bb@ET-DC@eyJkeW5hbWljIjp0cnVlLCJjb250ZW50IjoicG9zdF9saW5rX3VybF9wYWdlIiwic2V0dGluZ3MiOnsicG9zdF9pZCI6IjE1MDkifX0=@\u00bb use_bg_overlay=\u00bboff\u00bb use_text_overlay=\u00bboff\u00bb _builder_version=\u00bb4.14.7&#8243; _dynamic_attributes=\u00bbbutton_link\u00bb header_font=\u00bb||||\u00bb body_font=\u00bb||||\u00bb background_color=\u00bb#ffffff\u00bb background_image=\u00bbhttps:\/\/www.construccionsireformessanti.com\/wp-content\/uploads\/2021\/05\/construccion-de-jardines-en-reus.jpg\u00bb background_enable_image=\u00bbon\u00bb button_icon_placement=\u00bbright\u00bb button_on_hover=\u00bbon\u00bb hover_enabled=\u00bb0&#8243; background_last_edited=\u00bbon|phone\u00bb background_image_tablet=\u00bbhttps:\/\/www.construccionsireformessanti.com\/wp-content\/uploads\/2021\/05\/1497459_1403018053280467_2026932388_n-1.jpg\u00bb background_enable_image_tablet=\u00bbon\u00bb global_colors_info=\u00bb{}\u00bb button_text_size__hover_enabled=\u00bboff\u00bb button_one_text_size__hover_enabled=\u00bboff\u00bb button_two_text_size__hover_enabled=\u00bboff\u00bb button_text_color__hover_enabled=\u00bboff\u00bb button_one_text_color__hover_enabled=\u00bboff\u00bb button_two_text_color__hover_enabled=\u00bboff\u00bb button_border_width__hover_enabled=\u00bboff\u00bb button_one_border_width__hover_enabled=\u00bboff\u00bb button_two_border_width__hover_enabled=\u00bboff\u00bb button_border_color__hover_enabled=\u00bboff\u00bb button_one_border_color__hover_enabled=\u00bboff\u00bb button_two_border_color__hover_enabled=\u00bboff\u00bb button_border_radius__hover_enabled=\u00bboff\u00bb button_one_border_radius__hover_enabled=\u00bboff\u00bb button_two_border_radius__hover_enabled=\u00bboff\u00bb button_letter_spacing__hover_enabled=\u00bboff\u00bb button_one_letter_spacing__hover_enabled=\u00bboff\u00bb button_two_letter_spacing__hover_enabled=\u00bboff\u00bb button_bg_color__hover_enabled=\u00bboff\u00bb button_one_bg_color__hover_enabled=\u00bboff\u00bb button_two_bg_color__hover_enabled=\u00bboff\u00bb sticky_transition=\u00bbon\u00bb heading=\u00bbConstrucci\u00f3n y mantenimiento de piscinas y jardines\u00bb sticky_enabled=\u00bb0&#8243;][\/et_pb_slide][et_pb_slide button_text=\u00bbVer m\u00e1s puertas decorativas\u00bb use_bg_overlay=\u00bboff\u00bb use_text_overlay=\u00bboff\u00bb _builder_version=\u00bb4.14.7&#8243; header_font=\u00bb||||\u00bb body_font=\u00bb||||\u00bb background_color=\u00bb#ffffff\u00bb background_image=\u00bbhttps:\/\/www.construccionsireformessanti.com\/wp-content\/uploads\/2019\/12\/puerta-de-acceso-decorativa3.jpg\u00bb background_enable_image=\u00bbon\u00bb button_icon_placement=\u00bbright\u00bb button_on_hover=\u00bbon\u00bb hover_enabled=\u00bb0&#8243; global_colors_info=\u00bb{}\u00bb button_text_size__hover_enabled=\u00bboff\u00bb button_one_text_size__hover_enabled=\u00bboff\u00bb button_two_text_size__hover_enabled=\u00bboff\u00bb button_text_color__hover_enabled=\u00bboff\u00bb button_one_text_color__hover_enabled=\u00bboff\u00bb button_two_text_color__hover_enabled=\u00bboff\u00bb button_border_width__hover_enabled=\u00bboff\u00bb button_one_border_width__hover_enabled=\u00bboff\u00bb button_two_border_width__hover_enabled=\u00bboff\u00bb button_border_color__hover_enabled=\u00bboff\u00bb button_one_border_color__hover_enabled=\u00bboff\u00bb button_two_border_color__hover_enabled=\u00bboff\u00bb button_border_radius__hover_enabled=\u00bboff\u00bb button_one_border_radius__hover_enabled=\u00bboff\u00bb button_two_border_radius__hover_enabled=\u00bboff\u00bb button_letter_spacing__hover_enabled=\u00bboff\u00bb button_one_letter_spacing__hover_enabled=\u00bboff\u00bb button_two_letter_spacing__hover_enabled=\u00bboff\u00bb button_bg_color__hover_enabled=\u00bboff\u00bb button_one_bg_color__hover_enabled=\u00bboff\u00bb button_two_bg_color__hover_enabled=\u00bboff\u00bb sticky_transition=\u00bbon\u00bb heading=\u00bbFabricamos puertas met\u00e1licas de dise\u00f1os personalizados con cortes de plasma\u00bb sticky_enabled=\u00bb0&#8243;][\/et_pb_slide][et_pb_slide use_bg_overlay=\u00bboff\u00bb use_text_overlay=\u00bboff\u00bb admin_title=\u00bbMuebles madera\u00bb _builder_version=\u00bb4.14.7&#8243; header_font=\u00bb||||\u00bb body_font=\u00bb||||\u00bb background_color=\u00bb#ffffff\u00bb background_image=\u00bbhttps:\/\/www.construccionsireformessanti.com\/wp-content\/uploads\/2015\/05\/muebles-a-medida-dekogar.jpg\u00bb button_icon_placement=\u00bbright\u00bb button_on_hover=\u00bbon\u00bb hover_enabled=\u00bb0&#8243; global_colors_info=\u00bb{}\u00bb button_text_size__hover_enabled=\u00bboff\u00bb button_one_text_size__hover_enabled=\u00bboff\u00bb button_two_text_size__hover_enabled=\u00bboff\u00bb button_text_color__hover_enabled=\u00bboff\u00bb button_one_text_color__hover_enabled=\u00bboff\u00bb button_two_text_color__hover_enabled=\u00bboff\u00bb button_border_width__hover_enabled=\u00bboff\u00bb button_one_border_width__hover_enabled=\u00bboff\u00bb button_two_border_width__hover_enabled=\u00bboff\u00bb button_border_color__hover_enabled=\u00bboff\u00bb button_one_border_color__hover_enabled=\u00bboff\u00bb button_two_border_color__hover_enabled=\u00bboff\u00bb button_border_radius__hover_enabled=\u00bboff\u00bb button_one_border_radius__hover_enabled=\u00bboff\u00bb button_two_border_radius__hover_enabled=\u00bboff\u00bb button_letter_spacing__hover_enabled=\u00bboff\u00bb button_one_letter_spacing__hover_enabled=\u00bboff\u00bb button_two_letter_spacing__hover_enabled=\u00bboff\u00bb button_bg_color__hover_enabled=\u00bboff\u00bb button_one_bg_color__hover_enabled=\u00bboff\u00bb button_two_bg_color__hover_enabled=\u00bboff\u00bb sticky_transition=\u00bbon\u00bb heading=\u00bbFabricamos muebles a medida de madera maciza en Tarragona\u00bb button_text=\u00bbM\u00e1s informaci\u00f3n\u00bb sticky_enabled=\u00bb0&#8243;][\/et_pb_slide][et_pb_slide heading=\u00bbCerrajer\u00eda en Tarragona\u00bb use_bg_overlay=\u00bboff\u00bb use_text_overlay=\u00bboff\u00bb _builder_version=\u00bb4.14.7&#8243; header_level=\u00bbh2&#8243; header_font=\u00bb||||\u00bb body_font=\u00bb||||\u00bb background_color=\u00bb#ffffff\u00bb background_image=\u00bbhttps:\/\/www.construccionsireformessanti.com\/wp-content\/uploads\/2015\/05\/templatemo_slide_1.jpg\u00bb button_icon_placement=\u00bbright\u00bb button_on_hover=\u00bbon\u00bb hover_enabled=\u00bb0&#8243; global_colors_info=\u00bb{}\u00bb button_text_size__hover_enabled=\u00bboff\u00bb button_one_text_size__hover_enabled=\u00bboff\u00bb button_two_text_size__hover_enabled=\u00bboff\u00bb button_text_color__hover_enabled=\u00bboff\u00bb button_one_text_color__hover_enabled=\u00bboff\u00bb button_two_text_color__hover_enabled=\u00bboff\u00bb button_border_width__hover_enabled=\u00bboff\u00bb button_one_border_width__hover_enabled=\u00bboff\u00bb button_two_border_width__hover_enabled=\u00bboff\u00bb button_border_color__hover_enabled=\u00bboff\u00bb button_one_border_color__hover_enabled=\u00bboff\u00bb button_two_border_color__hover_enabled=\u00bboff\u00bb button_border_radius__hover_enabled=\u00bboff\u00bb button_one_border_radius__hover_enabled=\u00bboff\u00bb button_two_border_radius__hover_enabled=\u00bboff\u00bb button_letter_spacing__hover_enabled=\u00bboff\u00bb button_one_letter_spacing__hover_enabled=\u00bboff\u00bb button_two_letter_spacing__hover_enabled=\u00bboff\u00bb button_bg_color__hover_enabled=\u00bboff\u00bb button_one_bg_color__hover_enabled=\u00bboff\u00bb button_two_bg_color__hover_enabled=\u00bboff\u00bb sticky_transition=\u00bbon\u00bb button_text=\u00bbM\u00e1s informaci\u00f3n\u00bb sticky_enabled=\u00bb0&#8243;][\/et_pb_slide][\/et_pb_fullwidth_slider][\/et_pb_section][et_pb_section fb_built=\u00bb1&#8243; custom_padding_last_edited=\u00bbon|desktop\u00bb admin_label=\u00bbsection\u00bb _builder_version=\u00bb3.22.3&#8243; custom_padding=\u00bb54px|0px|24px|0px\u00bb custom_padding_tablet=\u00bb50px|0|50px|0&#8243; custom_padding_phone=\u00bb\u00bb global_colors_info=\u00bb{}\u00bb][et_pb_row padding_mobile=\u00bboff\u00bb column_padding_mobile=\u00bbon\u00bb admin_label=\u00bbrow\u00bb _builder_version=\u00bb4.0.9&#8243; background_size=\u00bbinitial\u00bb background_position=\u00bbtop_left\u00bb background_repeat=\u00bbrepeat\u00bb global_colors_info=\u00bb{}\u00bb][et_pb_column type=\u00bb4_4&#8243; _builder_version=\u00bb3.25&#8243; custom_padding=\u00bb|||\u00bb global_colors_info=\u00bb{}\u00bb custom_padding__hover=\u00bb|||\u00bb][et_pb_text admin_label=\u00bbTexto\u00bb _builder_version=\u00bb4.14.4&#8243; text_letter_spacing=\u00bb0&#8243; text_line_height=\u00bb1.7&#8243; header_font_size=\u00bb30&#8243; header_letter_spacing=\u00bb0&#8243; header_line_height=\u00bb1&#8243; header_2_font_size=\u00bb48px\u00bb background_size=\u00bbinitial\u00bb background_position=\u00bbtop_left\u00bb background_repeat=\u00bbrepeat\u00bb text_letter_spacing_tablet=\u00bb0&#8243; text_letter_spacing_phone=\u00bb0&#8243; text_line_height_tablet=\u00bb1.7&#8243; text_line_height_phone=\u00bb1.7&#8243; header_font_size_tablet=\u00bb30&#8243; header_font_size_phone=\u00bb30&#8243; header_letter_spacing_tablet=\u00bb0&#8243; header_letter_spacing_phone=\u00bb0&#8243; header_line_height_tablet=\u00bb1&#8243; header_line_height_phone=\u00bb1&#8243; header_2_font_size_tablet=\u00bb24px\u00bb header_2_font_size_phone=\u00bb21px\u00bb header_2_font_size_last_edited=\u00bbon|phone\u00bb global_colors_info=\u00bb{}\u00bb]<\/p>\n<h2 style=\"text-align: center; text-shadow: 3px 3px 3px black;\"><span style=\"color: #ff6600;\"><em><strong><img decoding=\"async\" class=\"alignnone wp-image-169 lazyload\" data-src=\"https:\/\/www.construccionsireformessanti.com\/wp-content\/uploads\/2015\/05\/logo.jpg\" alt=\"logo\" title=\"logo CiM Santi\" width=\"153\" height=\"90\" src=\"data:image\/svg+xml;base64,PHN2ZyB3aWR0aD0iMSIgaGVpZ2h0PSIxIiB4bWxucz0iaHR0cDovL3d3dy53My5vcmcvMjAwMC9zdmciPjwvc3ZnPg==\" style=\"--smush-placeholder-width: 153px; --smush-placeholder-aspect-ratio: 153\/90;\" \/>CONSTRUCCIONES Y MONTAJES SANTI\u00a0<\/strong><\/em><\/span><\/h2>\n<p>[\/et_pb_text][\/et_pb_column][\/et_pb_row][et_pb_row column_structure=\u00bb1_3,2_3&#8243; column_padding_mobile=\u00bbon\u00bb admin_label=\u00bbFila\u00bb _builder_version=\u00bb4.14.4&#8243; background_size=\u00bbinitial\u00bb background_position=\u00bbtop_left\u00bb background_repeat=\u00bbrepeat\u00bb width=\u00bb100%\u00bb max_width=\u00bb1400px\u00bb custom_padding=\u00bb27px|0px|10px|0px\u00bb global_colors_info=\u00bb{}\u00bb][et_pb_column type=\u00bb1_3&#8243; _builder_version=\u00bb3.25&#8243; custom_padding=\u00bb|||\u00bb global_colors_info=\u00bb{}\u00bb custom_padding__hover=\u00bb|||\u00bb][et_pb_image src=\u00bbhttps:\/\/www.construccionsireformessanti.com\/wp-content\/uploads\/2015\/05\/multiservicios.png\u00bb alt=\u00bbEmpresa de construcciones y reformas en Tarragona\u00bb title_text=\u00bbEmpresa de construcciones y reformas en Tarragona\u00bb align_tablet=\u00bbcenter\u00bb align_phone=\u00bb\u00bb align_last_edited=\u00bbon|desktop\u00bb admin_label=\u00bbImagen\u00bb _builder_version=\u00bb4.14.4&#8243; max_width=\u00bb300px\u00bb animation_style=\u00bbslide\u00bb animation_direction=\u00bbleft\u00bb animation_duration=\u00bb500ms\u00bb animation_intensity_slide=\u00bb10%\u00bb global_colors_info=\u00bb{}\u00bb][\/et_pb_image][et_pb_image src=\u00bbhttps:\/\/www.construccionsireformessanti.com\/wp-content\/uploads\/2015\/05\/PERGOLA_MADERA_TARRAGONA.jpg\u00bb alt=\u00bbEmpresa de construcciones y reformas en Tarragona pergolas de madera\u00bb title_text=\u00bbEmpresa de construcciones y reformas en Tarragona pergolas a medida\u00bb align_tablet=\u00bbcenter\u00bb align_phone=\u00bb\u00bb align_last_edited=\u00bbon|desktop\u00bb admin_label=\u00bbImagen\u00bb _builder_version=\u00bb4.14.4&#8243; max_width=\u00bb300px\u00bb animation_style=\u00bbslide\u00bb animation_direction=\u00bbleft\u00bb animation_duration=\u00bb500ms\u00bb animation_intensity_slide=\u00bb10%\u00bb global_colors_info=\u00bb{}\u00bb][\/et_pb_image][\/et_pb_column][et_pb_column type=\u00bb2_3&#8243; _builder_version=\u00bb3.25&#8243; custom_padding=\u00bb|||\u00bb global_colors_info=\u00bb{}\u00bb custom_padding__hover=\u00bb|||\u00bb][et_pb_text admin_label=\u00bbTexto\u00bb _builder_version=\u00bb4.14.4&#8243; text_letter_spacing=\u00bb0&#8243; text_line_height=\u00bb1.7&#8243; header_font_size=\u00bb30&#8243; header_letter_spacing=\u00bb0&#8243; header_line_height=\u00bb1&#8243; background_size=\u00bbinitial\u00bb background_position=\u00bbtop_left\u00bb background_repeat=\u00bbrepeat\u00bb custom_margin=\u00bb|10px||10px\u00bb global_colors_info=\u00bb{}\u00bb]<\/p>\n<h3 style=\"text-align: center;\"><strong>Empresa de Construcciones y Reformas en Tarragona<\/strong> profesionales de la Construcci\u00f3n, Paisajismo, Cerrajer\u00eda, Corte de plasma, Muebles a medida<strong><\/strong><\/h3>\n<p>Construcciones y Montajes Santi es una <strong><em>empresa de reformas en Tarragona<\/em><\/strong> din\u00e1mica. Ofrecemos servicios en toda la provincia de Tarragona. Ponemos a su disposici\u00f3n m\u00e1s de 20 a\u00f1os de experiencia en <a href=\"reformas-en-tarragona\/\"><strong>Reformas Integrales en Tarragona<\/strong><\/a>.<\/p>\n<p>Somos un gran equipo de profesionales que trabajamos ofreciendo en todo momento servicios de gran calidad. Entendemos que gracias a nuestros clientes, hoy por hoy, somos la compa\u00f1\u00eda que somos.<br \/>Realizamos trabajos profesionales en el sector de las reformas, instalaciones, montajes y construcciones en general.<br \/>Tambi\u00e9n realizamos trabajos de madera (p\u00e9rgolas, terrazas de madera, entablados, vigas etc.), fabricaci\u00f3n e instalaci\u00f3n de muebles de madera a medida,\u00a0 tanto interior como exterior; paisajismo de jardines, cerrajer\u00eda, corte de plasma y reformas de obra en general.<br \/>En nuestra secci\u00f3n de <strong>reformas e interiorismo<\/strong> le ofrecemos el servicio de obras y decoraci\u00f3n. Adem\u00e1s, ejecutamos todo tipo de proyectos de arquitectura, ingenier\u00eda e instalaciones. Contamos con un amplio equipo propio de profesionales de la construcci\u00f3n y sistemas eficientes de control de obra y costes.<\/p>\n<p>Tambi\u00e9n ponemos a su disposici\u00f3n el departamento de exteriores y paisajismo. En nuestra <strong>empresa\u00a0de reformas Construcciones y Montajes Santi<\/strong> desarrollamos pr\u00e1cticamente cualquier instalaci\u00f3n de madera para exterior. Nuestra especialidad es el desarrollo de espacios personalizados a medida.<br \/>Garantizamos trabajos de gran precisi\u00f3n, respetando siempre los plazos pactados.<\/p>\n<p>No duden en contactarnos.<strong><a href=\"contacto\/\"> Presupuestos transparentes y sin compromiso.<\/a><\/strong><\/p>\n<p>[\/et_pb_text][\/et_pb_column][\/et_pb_row][et_pb_row column_structure=\u00bb1_2,1_2&#8243; _builder_version=\u00bb4.9.4&#8243; _module_preset=\u00bbdefault\u00bb global_colors_info=\u00bb{}\u00bb][et_pb_column type=\u00bb1_2&#8243; _builder_version=\u00bb4.9.4&#8243; _module_preset=\u00bbdefault\u00bb global_colors_info=\u00bb{}\u00bb][et_pb_blurb title=\u00bbExpertos en reformas integrales en Tarragona\u00bb image=\u00bbhttps:\/\/www.construccionsireformessanti.com\/wp-content\/uploads\/2018\/01\/reformas-integrales-reus.jpg\u00bb alt=\u00bbEmpresa de construcciones y reformas en Tarragona reformas integrales\u00bb _builder_version=\u00bb4.14.4&#8243; _dynamic_attributes=\u00bblink_option_url\u00bb _module_preset=\u00bbdefault\u00bb header_level=\u00bbh3&#8243; header_text_align=\u00bbcenter\u00bb text_orientation=\u00bbjustified\u00bb link_option_url=\u00bb@ET-DC@eyJkeW5hbWljIjp0cnVlLCJjb250ZW50IjoicG9zdF9saW5rX3VybF9wYWdlIiwic2V0dGluZ3MiOnsicG9zdF9pZCI6Ijk2NiJ9fQ==@\u00bb custom_css_blurb_image=\u00bbmargin-bottom:0;\u00bb global_colors_info=\u00bb{}\u00bb]<\/p>\n<p>Realizamos todo tipo de <em>reformas integrales en la provincia Tarragona<\/em>:<\/p>\n<ul>\n<li>reformas de viviendas casas, pisos, chalets, adosados,<\/li>\n<li>reformas de locales comerciales y naves industriales<\/li>\n<li>rehabilitaciones de edificios completos etc.<\/li>\n<\/ul>\n<p>[\/et_pb_blurb][\/et_pb_column][et_pb_column type=\u00bb1_2&#8243; _builder_version=\u00bb4.9.4&#8243; _module_preset=\u00bbdefault\u00bb global_colors_info=\u00bb{}\u00bb][et_pb_blurb title=\u00bbRehabilitaci\u00f3n de viviendas en Tarragona\u00bb image=\u00bbhttps:\/\/www.construccionsireformessanti.com\/wp-content\/uploads\/2021\/07\/rehabilitacion-de-pisos-tarragona.jpg\u00bb alt=\u00bbEmpresa de construcciones y reformas en Tarragona rehabilitacion de pisos viviendas\u00bb _builder_version=\u00bb4.14.4&#8243; _dynamic_attributes=\u00bblink_option_url\u00bb _module_preset=\u00bbdefault\u00bb header_level=\u00bbh3&#8243; header_text_align=\u00bbcenter\u00bb text_orientation=\u00bbjustified\u00bb link_option_url=\u00bb@ET-DC@eyJkeW5hbWljIjp0cnVlLCJjb250ZW50IjoicG9zdF9saW5rX3VybF9wYWdlIiwic2V0dGluZ3MiOnsicG9zdF9pZCI6IjExNzEifX0=@\u00bb custom_css_blurb_image=\u00bbmargin-bottom:0;\u00bb global_colors_info=\u00bb{}\u00bb]<\/p>\n<p>Rehabilitaci\u00f3nes de todo tipo de viviendas: chalets, pisos, casas, adosados y otros edificios en Tarragona y poblaciones cercanas.<\/p>\n<p>[\/et_pb_blurb][\/et_pb_column][\/et_pb_row][et_pb_row _builder_version=\u00bb4.14.4&#8243; _module_preset=\u00bbdefault\u00bb global_colors_info=\u00bb{}\u00bb][et_pb_column type=\u00bb4_4&#8243; _builder_version=\u00bb4.14.4&#8243; _module_preset=\u00bbdefault\u00bb global_colors_info=\u00bb{}\u00bb][et_pb_slider show_image_video_mobile=\u00bbon\u00bb _builder_version=\u00bb4.14.4&#8243; _module_preset=\u00bbdefault\u00bb header_text_color=\u00bb#000000&#8243; body_text_color=\u00bb#000000&#8243; background_color=\u00bbRGBA(255,255,255,0)\u00bb custom_margin=\u00bb1em||1em||true|false\u00bb custom_padding=\u00bb2vh||2vh||true|false\u00bb auto=\u00bbon\u00bb auto_speed=\u00bb6000&#8243; auto_ignore_hover=\u00bbon\u00bb global_colors_info=\u00bb{}\u00bb][et_pb_slide heading=\u00bbReformas de cocinas en Tarragona\u00bb button_text=\u00bbM\u00e1s informaci\u00f3n\u00bb button_link=\u00bb@ET-DC@eyJkeW5hbWljIjp0cnVlLCJjb250ZW50IjoicG9zdF9saW5rX3VybF9wYWdlIiwic2V0dGluZ3MiOnsicG9zdF9pZCI6IjY3OSJ9fQ==@\u00bb image=\u00bbhttps:\/\/www.construccionsireformessanti.com\/wp-content\/uploads\/2021\/12\/reformas-de-cocinas-en-cambrils-1.jpg\u00bb _builder_version=\u00bb4.14.4&#8243; _dynamic_attributes=\u00bbbutton_link\u00bb _module_preset=\u00bbdefault\u00bb header_text_color=\u00bbgcid-013c27f4-b416-41fe-b3d4-9baca40db28e\u00bb header_font_size=\u00bb28px\u00bb custom_padding=\u00bb||||false|false\u00bb header_font_size_tablet=\u00bb20px\u00bb header_font_size_phone=\u00bb20px\u00bb header_font_size_last_edited=\u00bbon|desktop\u00bb global_colors_info=\u00bb{%22gcid-013c27f4-b416-41fe-b3d4-9baca40db28e%22:%91%22header_text_color%22%93}\u00bb sticky_transition=\u00bbon\u00bb]<\/p>\n<p>Realizamos reformas integrales de cocinas en Tarragona. Con nosotros la reforma en su cocina o ba\u00f1o no supondr\u00e1 ning\u00fan quebradero de cabeza. Reformas de cocina adaptadas a las caracter\u00edsticas y gustos de cada cliente. Actualizamos tu cocina tanto en funcionalidad como en dise\u00f1o.<\/p>\n<p>[\/et_pb_slide][et_pb_slide heading=\u00bbReformas de cocinas en Reus\u00bb button_text=\u00bbM\u00e1s informaci\u00f3n\u00bb button_link=\u00bb@ET-DC@eyJkeW5hbWljIjp0cnVlLCJjb250ZW50IjoicG9zdF9saW5rX3VybF9wYWdlIiwic2V0dGluZ3MiOnsicG9zdF9pZCI6IjY4MyJ9fQ==@\u00bb image=\u00bbhttps:\/\/www.construccionsireformessanti.com\/wp-content\/uploads\/2021\/12\/reformas-de-cocinas-en-Reus.jpg\u00bb _builder_version=\u00bb4.14.4&#8243; _dynamic_attributes=\u00bbbutton_link\u00bb _module_preset=\u00bbdefault\u00bb header_text_color=\u00bbgcid-013c27f4-b416-41fe-b3d4-9baca40db28e\u00bb header_font_size=\u00bb28px\u00bb header_font_size_tablet=\u00bb28px\u00bb header_font_size_phone=\u00bb28px\u00bb header_font_size_last_edited=\u00bbon|tablet\u00bb global_colors_info=\u00bb{%22gcid-013c27f4-b416-41fe-b3d4-9baca40db28e%22:%91%22header_text_color%22%93}\u00bb sticky_transition=\u00bbon\u00bb]<\/p>\n<p>Nuestra experiencia extensa en reformas de cocinas en Reus nos hace la mejor opci\u00f3n para tu reforma. Contacta con nosotros para tener la cocina de tus sue\u00f1os.<\/p>\n<p>[\/et_pb_slide][\/et_pb_slider][\/et_pb_column][\/et_pb_row][et_pb_row _builder_version=\u00bb4.14.4&#8243; _module_preset=\u00bbdefault\u00bb global_colors_info=\u00bb{}\u00bb][et_pb_column type=\u00bb4_4&#8243; _builder_version=\u00bb4.14.4&#8243; _module_preset=\u00bbdefault\u00bb global_colors_info=\u00bb{}\u00bb][et_pb_slider show_image_video_mobile=\u00bbon\u00bb _builder_version=\u00bb4.14.4&#8243; _module_preset=\u00bbdefault\u00bb header_text_color=\u00bb#000000&#8243; body_text_color=\u00bb#000000&#8243; background_color=\u00bbRGBA(255,255,255,0)\u00bb custom_margin=\u00bb1em||1em||true|false\u00bb custom_padding=\u00bb2vh||2vh||true|false\u00bb auto=\u00bbon\u00bb auto_ignore_hover=\u00bbon\u00bb global_colors_info=\u00bb{}\u00bb][et_pb_slide heading=\u00bbConstrucci\u00f3n de jardines en Tarragona\u00bb button_text=\u00bbM\u00e1s informaci\u00f3n\u00bb button_link=\u00bb@ET-DC@eyJkeW5hbWljIjp0cnVlLCJjb250ZW50IjoicG9zdF9saW5rX3VybF9wYWdlIiwic2V0dGluZ3MiOnsicG9zdF9pZCI6IjY3OSJ9fQ==@\u00bb image=\u00bbhttps:\/\/www.construccionsireformessanti.com\/wp-content\/uploads\/2021\/12\/construccion-de-jardines-en-Tarragona.jpg\u00bb _builder_version=\u00bb4.14.4&#8243; _dynamic_attributes=\u00bbbutton_link\u00bb _module_preset=\u00bbdefault\u00bb header_text_color=\u00bbgcid-013c27f4-b416-41fe-b3d4-9baca40db28e\u00bb header_font_size=\u00bb28px\u00bb custom_padding=\u00bb||||false|false\u00bb header_font_size_tablet=\u00bb20px\u00bb header_font_size_phone=\u00bb20px\u00bb header_font_size_last_edited=\u00bbon|desktop\u00bb global_colors_info=\u00bb{%22gcid-013c27f4-b416-41fe-b3d4-9baca40db28e%22:%91%22header_text_color%22%93}\u00bb sticky_transition=\u00bbon\u00bb]<\/p>\n<p>Construcci\u00f3n de jardines en Tarragona servicio de jardiner\u00eda para Tarragona, Reus, Cambrils, Salou, y poblaciones cercanas. Creamos el jard\u00edn perfecto para su propiedad. Somos expertos en la creaci\u00f3n de jardines personalizados en Tarragona.<\/p>\n<p>[\/et_pb_slide][et_pb_slide heading=\u00bbJardiner\u00eda profesional en Reus Tarragona\u00bb button_text=\u00bbM\u00e1s informaci\u00f3n\u00bb button_link=\u00bb@ET-DC@eyJkeW5hbWljIjp0cnVlLCJjb250ZW50IjoicG9zdF9saW5rX3VybF9wYWdlIiwic2V0dGluZ3MiOnsicG9zdF9pZCI6IjY4MyJ9fQ==@\u00bb image=\u00bbhttps:\/\/www.construccionsireformessanti.com\/wp-content\/uploads\/2021\/12\/construccion-de-jardines-en-Reus.jpg\u00bb _builder_version=\u00bb4.14.4&#8243; _dynamic_attributes=\u00bbbutton_link\u00bb _module_preset=\u00bbdefault\u00bb header_text_color=\u00bbgcid-013c27f4-b416-41fe-b3d4-9baca40db28e\u00bb header_font_size=\u00bb28px\u00bb header_font_size_tablet=\u00bb28px\u00bb header_font_size_phone=\u00bb28px\u00bb header_font_size_last_edited=\u00bbon|tablet\u00bb global_colors_info=\u00bb{%22gcid-013c27f4-b416-41fe-b3d4-9baca40db28e%22:%91%22header_text_color%22%93}\u00bb sticky_transition=\u00bbon\u00bb]<\/p>\n<p>Servicio de jardiner\u00eda profesional. Creamos jardines a medida. Contamos con expertos en excavaciones y movimientos de tierra. Nuestros constructores y carpinteros pueden crear cualquier elemento funcional o decorativo para su jard\u00edn en Reus Tarragona y poblaciones cercanas.<\/p>\n<p>[\/et_pb_slide][\/et_pb_slider][\/et_pb_column][\/et_pb_row][et_pb_row _builder_version=\u00bb4.14.4&#8243; _module_preset=\u00bbdefault\u00bb width=\u00bb100%\u00bb max_width=\u00bb100%\u00bb custom_margin=\u00bb1em||||false|false\u00bb global_colors_info=\u00bb{}\u00bb][et_pb_column type=\u00bb4_4&#8243; _builder_version=\u00bb4.9.4&#8243; _module_preset=\u00bbdefault\u00bb global_colors_info=\u00bb{}\u00bb][et_pb_cta button_url=\u00bbtel:+34606312900&#8243; button_text=\u00bbLl\u00e1manos ahora\u00bb content_tablet=\u00bb<\/p>\n<h2> Contacta con nosotros<\/h2>\n<h3 style=%22font-size:32px;%22>606 312 900<\/h3>\n<p>Solicita tu presupuesto sin compromiso para cualquiera de nuestros servicios de construcci\u00f3n y reformas<\/p>\n<p>\u00bb content_phone=\u00bb<\/p>\n<p>Contacta con nosotros<\/p>\n<p style=%22font-size: 32px;%22>606 312 900<\/h3>\n<p>Solicita tu presupuesto sin compromiso para cualquiera de nuestros servicios de construcci\u00f3n y reformas<\/p>\n<p>\u00bb content_last_edited=\u00bboff|desktop\u00bb admin_label=\u00bbLlamada a la acci\u00f3n\u00bb _builder_version=\u00bb4.9.4&#8243; header_font_size=\u00bb29px\u00bb body_font_size=\u00bb22px\u00bb body_line_height=\u00bb1.3em\u00bb background_color=\u00bbrgba(0,0,0,0.5)\u00bb background_size=\u00bbinitial\u00bb background_position=\u00bbtop_left\u00bb background_repeat=\u00bbrepeat\u00bb body_font_size_tablet=\u00bb22px\u00bb body_font_size_phone=\u00bb17px\u00bb body_font_size_last_edited=\u00bbon|phone\u00bb global_colors_info=\u00bb{}\u00bb button_text_size__hover_enabled=\u00bboff\u00bb button_one_text_size__hover_enabled=\u00bboff\u00bb button_two_text_size__hover_enabled=\u00bboff\u00bb button_text_color__hover_enabled=\u00bboff\u00bb button_one_text_color__hover_enabled=\u00bboff\u00bb button_two_text_color__hover_enabled=\u00bboff\u00bb button_border_width__hover_enabled=\u00bboff\u00bb button_one_border_width__hover_enabled=\u00bboff\u00bb button_two_border_width__hover_enabled=\u00bboff\u00bb button_border_color__hover_enabled=\u00bboff\u00bb button_one_border_color__hover_enabled=\u00bboff\u00bb button_two_border_color__hover_enabled=\u00bboff\u00bb button_border_radius__hover_enabled=\u00bboff\u00bb button_one_border_radius__hover_enabled=\u00bboff\u00bb button_two_border_radius__hover_enabled=\u00bboff\u00bb button_letter_spacing__hover_enabled=\u00bboff\u00bb button_one_letter_spacing__hover_enabled=\u00bboff\u00bb button_two_letter_spacing__hover_enabled=\u00bboff\u00bb button_bg_color__hover_enabled=\u00bboff\u00bb button_one_bg_color__hover_enabled=\u00bboff\u00bb button_two_bg_color__hover_enabled=\u00bboff\u00bb]Contacta con Construcciones y Montajes Santi<\/p>\n<p style=\"font-size: 32px;\"><a href=\"tel:+34606312900\" style=\"color: white; font-weight: bold;\">606 312 900<\/a><\/p>\n<p>Solicita tu presupuesto sin compromiso para cualquiera de nuestros servicios de construcci\u00f3n y reformas[\/et_pb_cta][\/et_pb_column][\/et_pb_row][\/et_pb_section][et_pb_section fb_built=\u00bb1&#8243; custom_padding_last_edited=\u00bbon|desktop\u00bb admin_label=\u00bbsection\u00bb _builder_version=\u00bb3.22.3&#8243; custom_padding=\u00bb22px|0px|20px|0px\u00bb custom_padding_tablet=\u00bb50px|0|50px|0&#8243; custom_padding_phone=\u00bb\u00bb global_colors_info=\u00bb{}\u00bb][et_pb_row column_padding_mobile=\u00bbon\u00bb admin_label=\u00bbrow\u00bb _builder_version=\u00bb3.25&#8243; background_size=\u00bbinitial\u00bb background_position=\u00bbtop_left\u00bb background_repeat=\u00bbrepeat\u00bb custom_padding=\u00bb10px|0px|2px|0px\u00bb global_colors_info=\u00bb{}\u00bb][et_pb_column type=\u00bb4_4&#8243; _builder_version=\u00bb3.25&#8243; custom_padding=\u00bb|||\u00bb global_colors_info=\u00bb{}\u00bb custom_padding__hover=\u00bb|||\u00bb][et_pb_text admin_label=\u00bbTexto\u00bb _builder_version=\u00bb4.9.4&#8243; header_2_font=\u00bb|700|||||||\u00bb background_size=\u00bbinitial\u00bb background_position=\u00bbtop_left\u00bb background_repeat=\u00bbrepeat\u00bb global_colors_info=\u00bb{}\u00bb]<\/p>\n<h2 style=\"text-align: center; font-size: 30px; text-shadow: 3px 3px 3px black;\"><span style=\"color: #ff6600;\">Nuestros Productos y Servicios<\/span><\/h2>\n<p>[\/et_pb_text][\/et_pb_column][\/et_pb_row][et_pb_row column_structure=\u00bb1_3,1_3,1_3&#8243; padding_mobile=\u00bboff\u00bb column_padding_mobile=\u00bbon\u00bb admin_label=\u00bbrow\u00bb _builder_version=\u00bb4.0.9&#8243; background_size=\u00bbinitial\u00bb background_position=\u00bbtop_left\u00bb background_repeat=\u00bbrepeat\u00bb width_tablet=\u00bb\u00bb width_phone=\u00bb100%\u00bb width_last_edited=\u00bbon|phone\u00bb max_width_tablet=\u00bb\u00bb max_width_phone=\u00bb100px\u00bb max_width_last_edited=\u00bbon|phone\u00bb global_colors_info=\u00bb{}\u00bb][et_pb_column type=\u00bb1_3&#8243; _builder_version=\u00bb3.25&#8243; custom_padding=\u00bb|||\u00bb global_colors_info=\u00bb{}\u00bb custom_padding__hover=\u00bb|||\u00bb][et_pb_blurb url=\u00bbhttps:\/\/www.construccionsireformessanti.com\/obras-y-reformas-tarragona\/\u00bb image=\u00bbhttps:\/\/www.construccionsireformessanti.com\/wp-content\/uploads\/2015\/05\/obra-menor1.jpg\u00bb alt=\u00bbConstrucciones y Reformas en Tarragona\u00bb admin_label=\u00bbAnuncio\u00bb _builder_version=\u00bb4.13.0&#8243; background_size=\u00bbinitial\u00bb background_position=\u00bbtop_left\u00bb background_repeat=\u00bbrepeat\u00bb global_colors_info=\u00bb{}\u00bb]<\/p>\n<h3 style=\"text-align: center;\"><strong><a href=\"https:\/\/www.construccionsireformessanti.com\/obras-y-reformas-tarragona\/\">Reformas<\/a><\/strong><\/h3>\n<p style=\"text-align: center;\">Todo tipo de reformas integrales o parciales para viviendas y locales comerciales en la provincia Tarragona.<\/p>\n<p>[\/et_pb_blurb][\/et_pb_column][et_pb_column type=\u00bb1_3&#8243; _builder_version=\u00bb3.25&#8243; custom_padding=\u00bb|||\u00bb global_colors_info=\u00bb{}\u00bb custom_padding__hover=\u00bb|||\u00bb][et_pb_blurb url=\u00bbhttps:\/\/www.construccionsireformessanti.com\/muebles-a-medida\/\u00bb image=\u00bbhttps:\/\/www.construccionsireformessanti.com\/wp-content\/uploads\/2015\/05\/mueble_icono1.jpg\u00bb alt=\u00bbmuebles a medida Construcciones y Reformas en Tarragona\u00bb admin_label=\u00bbAnuncio\u00bb _builder_version=\u00bb4.13.0&#8243; background_size=\u00bbinitial\u00bb background_position=\u00bbtop_left\u00bb background_repeat=\u00bbrepeat\u00bb animation=\u00bboff\u00bb global_colors_info=\u00bb{}\u00bb]<\/p>\n<h3 style=\"text-align: center;\"><strong><a href=\"https:\/\/www.construccionsireformessanti.com\/muebles-a-medida-tarragona\/\">Muebles a medida<\/a><\/strong><\/h3>\n<p style=\"text-align: center;\">Fabricamos muebles de madera maciza a medida, bajo encargo. Contacte con nosotros para servicios de carpinter\u00eda a medida en Tarragona.<\/p>\n<p>[\/et_pb_blurb][\/et_pb_column][et_pb_column type=\u00bb1_3&#8243; _builder_version=\u00bb3.25&#8243; custom_padding=\u00bb|||\u00bb global_colors_info=\u00bb{}\u00bb custom_padding__hover=\u00bb|||\u00bb][et_pb_blurb url=\u00bbhttps:\/\/www.construccionsireformessanti.com\/paisajismo-de-jardines-exteriores-en-tarragona\/\u00bb image=\u00bbhttps:\/\/www.construccionsireformessanti.com\/wp-content\/uploads\/2015\/05\/pasajismo-sant-tarragonai.jpg\u00bb alt=\u00bbpaisajismo en Tarragona\u00bb admin_label=\u00bbAnuncio\u00bb _builder_version=\u00bb4.13.0&#8243; body_text_align=\u00bbcenter\u00bb background_size=\u00bbinitial\u00bb background_position=\u00bbtop_left\u00bb background_repeat=\u00bbrepeat\u00bb animation=\u00bboff\u00bb global_colors_info=\u00bb{}\u00bb]<\/p>\n<h3 style=\"text-align: center;\"><strong><a href=\"https:\/\/www.construccionsireformessanti.com\/paisajismo-de-jardines-exteriores-en-tarragona\/\">Paisajismo<\/a><\/strong><\/h3>\n<p>Dise\u00f1o y construcci\u00f3n de jardines y paisajismo en Tarragona. Nos encargamos de todo lo necesario para crear el jard\u00edn de sus sue\u00f1os.<\/p>\n<p>[\/et_pb_blurb][\/et_pb_column][\/et_pb_row][et_pb_row column_structure=\u00bb1_3,1_3,1_3&#8243; padding_mobile=\u00bboff\u00bb column_padding_mobile=\u00bbon\u00bb admin_label=\u00bbrow\u00bb _builder_version=\u00bb3.25&#8243; background_size=\u00bbinitial\u00bb background_position=\u00bbtop_left\u00bb background_repeat=\u00bbrepeat\u00bb global_colors_info=\u00bb{}\u00bb][et_pb_column type=\u00bb1_3&#8243; _builder_version=\u00bb3.25&#8243; custom_padding=\u00bb|||\u00bb global_colors_info=\u00bb{}\u00bb custom_padding__hover=\u00bb|||\u00bb][et_pb_blurb url=\u00bbhttps:\/\/www.construccionsireformessanti.com\/pergolas-de-madera-en-tarragona\/\u00bb image=\u00bbhttps:\/\/www.construccionsireformessanti.com\/wp-content\/uploads\/2015\/05\/pergolas.jpg\u00bb alt=\u00bbconstrucci\u00f3n de pergolas en Tarragona\u00bb disabled_on=\u00bboff|off|off\u00bb admin_label=\u00bbAnuncio\u00bb _builder_version=\u00bb4.13.0&#8243; body_text_align=\u00bbcenter\u00bb background_size=\u00bbinitial\u00bb background_position=\u00bbtop_left\u00bb background_repeat=\u00bbrepeat\u00bb animation=\u00bboff\u00bb global_colors_info=\u00bb{}\u00bb]<\/p>\n<h3 style=\"text-align: center;\"><strong><a href=\"https:\/\/www.construccionsireformessanti.com\/pergolas-de-madera-en-tarragona\/\">P\u00e9rgolas<\/a><\/strong><\/h3>\n<p>Fabricaci\u00f3n de p\u00e9rgolas a medida en madera maciza seg\u00fan las necesidades del cliente.\u00a0 P\u00e9rgolas de calidad fabricadas por encargo. Fabricamos todo tipo de estructuras de madera para el exterior.<\/p>\n<p>[\/et_pb_blurb][\/et_pb_column][et_pb_column type=\u00bb1_3&#8243; _builder_version=\u00bb3.25&#8243; custom_padding=\u00bb|||\u00bb global_colors_info=\u00bb{}\u00bb custom_padding__hover=\u00bb|||\u00bb][et_pb_blurb url=\u00bbhttps:\/\/www.construccionsireformessanti.com\/cerrajeria-en-tarragona\/\u00bb image=\u00bbhttps:\/\/www.construccionsireformessanti.com\/wp-content\/uploads\/2019\/12\/rejas-ventans-3-2-1.jpg\u00bb alt=\u00bbcerrajeria en tarragona\u00bb admin_label=\u00bbAnuncio\u00bb _builder_version=\u00bb4.13.0&#8243; body_text_align=\u00bbcenter\u00bb background_size=\u00bbinitial\u00bb background_position=\u00bbtop_left\u00bb background_repeat=\u00bbrepeat\u00bb animation=\u00bboff\u00bb global_colors_info=\u00bb{}\u00bb]<\/p>\n<h3 style=\"text-align: center;\"><strong><a href=\"https:\/\/www.construccionsireformessanti.com\/cerrajeria-en-tarragona\/\">Cerrajer\u00eda<\/a><\/strong><\/h3>\n<p>Creamos todo tipo de elementos de cerrajer\u00eda a medida: rejas vallas puertas. Personalizaci\u00f3n con corte de plasma para dise\u00f1os muy personalizables.\u00a0<\/p>\n<p>[\/et_pb_blurb][\/et_pb_column][et_pb_column type=\u00bb1_3&#8243; _builder_version=\u00bb3.25&#8243; custom_padding=\u00bb|||\u00bb global_colors_info=\u00bb{}\u00bb custom_padding__hover=\u00bb|||\u00bb][et_pb_blurb url=\u00bbhttps:\/\/www.construccionsireformessanti.com\/corte-de-plasma\/\u00bb image=\u00bbhttps:\/\/www.construccionsireformessanti.com\/wp-content\/uploads\/2019\/12\/se\u00f1ales-publicitarios-metalicos6-2.jpg\u00bb alt=\u00bbCorte de plasma en Tarragona\u00bb disabled_on=\u00bboff|off|off\u00bb admin_label=\u00bbAnuncio\u00bb _builder_version=\u00bb4.13.0&#8243; body_text_align=\u00bbcenter\u00bb background_size=\u00bbinitial\u00bb background_position=\u00bbtop_left\u00bb background_repeat=\u00bbrepeat\u00bb animation=\u00bboff\u00bb global_colors_info=\u00bb{}\u00bb]<\/p>\n<h3 style=\"text-align: center;\"><strong><a href=\"https:\/\/www.construccionsireformessanti.com\/corte-de-plasma-en-tarragona\/\">Corte de Plasma<\/a><\/strong><\/h3>\n<p>Corte de plasma para crear elementos met\u00e1licos personalizado: elementos decorativos, se\u00f1ales y carteles publicitarios met\u00e1licos, trofeos, placas piezas para utillajes etc. Si necesita cualquier tipo de pieza met\u00e1lica que se puede fabricar por corte de plasma contacte con nosotros.<\/p>\n<p>[\/et_pb_blurb][\/et_pb_column][\/et_pb_row][et_pb_row _builder_version=\u00bb4.0.9&#8243; width=\u00bb100%\u00bb max_width=\u00bb95%\u00bb global_colors_info=\u00bb{}\u00bb][et_pb_column type=\u00bb4_4&#8243; _builder_version=\u00bb4.0.9&#8243; global_colors_info=\u00bb{}\u00bb][et_pb_gallery gallery_ids=\u00bb1375,1376,1377,1378,1379,1380,1381,1382,1383,1384,1385,1386,1387,1388,1390,1391&#8243; fullwidth=\u00bbon\u00bb _builder_version=\u00bb4.14.4&#8243; max_width=\u00bb800px\u00bb module_alignment=\u00bbcenter\u00bb auto=\u00bbon\u00bb global_colors_info=\u00bb{}\u00bb][\/et_pb_gallery][\/et_pb_column][\/et_pb_row][\/et_pb_section][et_pb_section fb_built=\u00bb1&#8243; custom_padding_last_edited=\u00bbon|desktop\u00bb admin_label=\u00bbsection\u00bb _builder_version=\u00bb4.0.9&#8243; background_color=\u00bb#ffffff\u00bb background_image=\u00bbhttps:\/\/www.construccionsireformessanti.com\/wp-content\/uploads\/2015\/05\/carpinteria.jpg\u00bb parallax=\u00bbon\u00bb custom_padding_tablet=\u00bb50px|0|50px|0&#8243; custom_padding_phone=\u00bb\u00bb padding_mobile=\u00bboff\u00bb global_colors_info=\u00bb{}\u00bb][et_pb_row column_structure=\u00bb1_2,1_2&#8243; padding_mobile=\u00bboff\u00bb make_equal=\u00bbon\u00bb column_padding_mobile=\u00bbon\u00bb admin_label=\u00bbrow\u00bb _builder_version=\u00bb4.9.4&#8243; background_size=\u00bbinitial\u00bb background_position=\u00bbtop_left\u00bb background_repeat=\u00bbrepeat\u00bb global_colors_info=\u00bb{}\u00bb][et_pb_column type=\u00bb1_2&#8243; _builder_version=\u00bb3.25&#8243; custom_padding=\u00bb|||\u00bb global_colors_info=\u00bb{}\u00bb custom_padding__hover=\u00bb|||\u00bb][et_pb_cta button_url=\u00bbtel:+34606312900&#8243; button_text=\u00bbLl\u00e1manos ahora\u00bb admin_label=\u00bbLlamada a la acci\u00f3n\u00bb _builder_version=\u00bb4.9.4&#8243; body_font_size=\u00bb37px\u00bb background_color=\u00bbrgba(0,0,0,0.5)\u00bb background_size=\u00bbinitial\u00bb background_position=\u00bbtop_left\u00bb background_repeat=\u00bbrepeat\u00bb body_font_size_tablet=\u00bb\u00bb body_font_size_phone=\u00bb34px\u00bb body_font_size_last_edited=\u00bbon|phone\u00bb global_colors_info=\u00bb{}\u00bb button_text_size__hover_enabled=\u00bboff\u00bb button_one_text_size__hover_enabled=\u00bboff\u00bb button_two_text_size__hover_enabled=\u00bboff\u00bb button_text_color__hover_enabled=\u00bboff\u00bb button_one_text_color__hover_enabled=\u00bboff\u00bb button_two_text_color__hover_enabled=\u00bboff\u00bb button_border_width__hover_enabled=\u00bboff\u00bb button_one_border_width__hover_enabled=\u00bboff\u00bb button_two_border_width__hover_enabled=\u00bboff\u00bb button_border_color__hover_enabled=\u00bboff\u00bb button_one_border_color__hover_enabled=\u00bboff\u00bb button_two_border_color__hover_enabled=\u00bboff\u00bb button_border_radius__hover_enabled=\u00bboff\u00bb button_one_border_radius__hover_enabled=\u00bboff\u00bb button_two_border_radius__hover_enabled=\u00bboff\u00bb button_letter_spacing__hover_enabled=\u00bboff\u00bb button_one_letter_spacing__hover_enabled=\u00bboff\u00bb button_two_letter_spacing__hover_enabled=\u00bboff\u00bb button_bg_color__hover_enabled=\u00bboff\u00bb button_one_bg_color__hover_enabled=\u00bboff\u00bb button_two_bg_color__hover_enabled=\u00bboff\u00bb]<\/p>\n<p>\u00a0Contacta con nosotros<\/p>\n<p>606 312 900<\/p>\n<p>[\/et_pb_cta][\/et_pb_column][et_pb_column type=\u00bb1_2&#8243; _builder_version=\u00bb3.25&#8243; custom_padding=\u00bb|||\u00bb global_colors_info=\u00bb{}\u00bb custom_padding__hover=\u00bb|||\u00bb][et_pb_cta button_url=\u00bb\/contacto\/\u00bb button_text=\u00bbEnviar correo\u00bb admin_label=\u00bbLlamada a la acci\u00f3n\u00bb _builder_version=\u00bb4.9.4&#8243; body_font=\u00bb|||on|||||\u00bb body_font_size=\u00bb22px\u00bb body_line_height=\u00bb1.6em\u00bb background_color=\u00bbrgba(0,0,0,0.5)\u00bb background_size=\u00bbinitial\u00bb background_position=\u00bbtop_left\u00bb background_repeat=\u00bbrepeat\u00bb body_font_size_tablet=\u00bb\u00bb body_font_size_phone=\u00bb15px\u00bb body_font_size_last_edited=\u00bbon|phone\u00bb custom_css_main_element=\u00bbheight:100%;\u00bb global_colors_info=\u00bb{}\u00bb button_text_size__hover_enabled=\u00bboff\u00bb button_one_text_size__hover_enabled=\u00bboff\u00bb button_two_text_size__hover_enabled=\u00bboff\u00bb button_text_color__hover_enabled=\u00bboff\u00bb button_one_text_color__hover_enabled=\u00bboff\u00bb button_two_text_color__hover_enabled=\u00bboff\u00bb button_border_width__hover_enabled=\u00bboff\u00bb button_one_border_width__hover_enabled=\u00bboff\u00bb button_two_border_width__hover_enabled=\u00bboff\u00bb button_border_color__hover_enabled=\u00bboff\u00bb button_one_border_color__hover_enabled=\u00bboff\u00bb button_two_border_color__hover_enabled=\u00bboff\u00bb button_border_radius__hover_enabled=\u00bboff\u00bb button_one_border_radius__hover_enabled=\u00bboff\u00bb button_two_border_radius__hover_enabled=\u00bboff\u00bb button_letter_spacing__hover_enabled=\u00bboff\u00bb button_one_letter_spacing__hover_enabled=\u00bboff\u00bb button_two_letter_spacing__hover_enabled=\u00bboff\u00bb button_bg_color__hover_enabled=\u00bboff\u00bb button_one_bg_color__hover_enabled=\u00bboff\u00bb button_two_bg_color__hover_enabled=\u00bboff\u00bb]<\/p>\n<p>Si prefieres enviarnos un correo utiliza el formulario de contacto<\/p>\n<p>[\/et_pb_cta][\/et_pb_column][\/et_pb_row][\/et_pb_section][et_pb_section fb_built=\u00bb1&#8243; custom_padding_last_edited=\u00bbon|desktop\u00bb admin_label=\u00bbsection\u00bb _builder_version=\u00bb3.22&#8243; background_color=\u00bb#CE4F00&#8243; custom_padding=\u00bb0px|0px|0px|0px\u00bb custom_padding_tablet=\u00bb50px|0|50px|0&#8243; custom_padding_phone=\u00bb\u00bb transparent_background=\u00bboff\u00bb padding_mobile=\u00bboff\u00bb make_fullwidth=\u00bboff\u00bb use_custom_width=\u00bboff\u00bb width_unit=\u00bboff\u00bb custom_width_px=\u00bb1080px\u00bb custom_width_percent=\u00bb80%\u00bb global_module=\u00bb616&#8243; global_colors_info=\u00bb{}\u00bb][et_pb_row column_structure=\u00bb1_3,1_3,1_3&#8243; make_equal=\u00bbon\u00bb column_padding_mobile=\u00bbon\u00bb admin_label=\u00bbrow\u00bb _builder_version=\u00bb4.9.4&#8243; background_size=\u00bbinitial\u00bb background_position=\u00bbtop_left\u00bb background_repeat=\u00bbrepeat\u00bb custom_padding=\u00bb||||false|false\u00bb global_colors_info=\u00bb{}\u00bb][et_pb_column type=\u00bb1_3&#8243; _builder_version=\u00bb4.9.4&#8243; custom_padding=\u00bb0.8em|0.8em|0.8em|0.8em|true|true\u00bb box_shadow_style=\u00bbpreset3&#8243; box_shadow_vertical=\u00bb5px\u00bb box_shadow_blur=\u00bb17px\u00bb global_colors_info=\u00bb{}\u00bb custom_padding__hover=\u00bb|||\u00bb][et_pb_blurb title=\u00bbDirecci\u00f3n:\u00bb use_icon=\u00bbon\u00bb font_icon=\u00bb&#xe080;||divi||400&#8243; icon_placement=\u00bbleft\u00bb _builder_version=\u00bb4.13.0&#8243; header_level=\u00bbh3&#8243; header_font=\u00bb|on|||\u00bb header_text_color=\u00bb#000000&#8243; header_font_size=\u00bb18px\u00bb body_text_color=\u00bb#FFFFFF\u00bb body_font_size=\u00bb16px\u00bb background_size=\u00bbinitial\u00bb background_position=\u00bbtop_left\u00bb background_repeat=\u00bbrepeat\u00bb text_orientation=\u00bbcenter\u00bb custom_css_main_element=\u00bbheight:100%;\u00bb use_border_color=\u00bboff\u00bb border_color=\u00bb#ffffff\u00bb border_style=\u00bbsolid\u00bb global_colors_info=\u00bb{}\u00bb]C\/ Llenguaderes, 3<\/p>\n<p>43392 \u2013 Castellvell del Camp<\/p>\n<p>(Tarragona)[\/et_pb_blurb][\/et_pb_column][et_pb_column type=\u00bb1_3&#8243; _builder_version=\u00bb3.25&#8243; custom_padding=\u00bb0.8em|0.8em|0.8em|0.8em|true|true\u00bb box_shadow_style=\u00bbpreset3&#8243; box_shadow_vertical=\u00bb5px\u00bb box_shadow_blur=\u00bb17px\u00bb global_colors_info=\u00bb{}\u00bb custom_padding__hover=\u00bb|||\u00bb][et_pb_blurb title=\u00bbContacto:\u00bb use_icon=\u00bbon\u00bb font_icon=\u00bb&#xe090;||divi||400&#8243; icon_placement=\u00bbleft\u00bb _builder_version=\u00bb4.13.0&#8243; header_level=\u00bbh3&#8243; header_font=\u00bb|on|||\u00bb header_text_color=\u00bb#000000&#8243; header_font_size=\u00bb18px\u00bb body_font=\u00bb|700|||||||\u00bb body_text_color=\u00bb#FFFFFF\u00bb body_font_size=\u00bb16px\u00bb background_size=\u00bbinitial\u00bb background_position=\u00bbtop_left\u00bb background_repeat=\u00bbrepeat\u00bb text_orientation=\u00bbcenter\u00bb use_border_color=\u00bboff\u00bb border_color=\u00bb#ffffff\u00bb border_style=\u00bbsolid\u00bb global_colors_info=\u00bb{}\u00bb]<a style=\"color: #ffffff;\" href=\"tel:\/\/606312900\">606 312 900<\/a>[\/et_pb_blurb][et_pb_blurb url=\u00bbhttps:\/\/www.youtube.com\/channel\/UCjg_52j530v4yFYASsMTnJQ\u00bb use_icon=\u00bbon\u00bb font_icon=\u00bb&#xe0d1;||divi||400&#8243; icon_placement=\u00bbleft\u00bb _builder_version=\u00bb4.13.0&#8243; header_font=\u00bb|on|||\u00bb header_text_color=\u00bb#000000&#8243; header_font_size=\u00bb18px\u00bb body_font=\u00bb|700|||||||\u00bb body_font_size=\u00bb18px\u00bb background_size=\u00bbinitial\u00bb background_position=\u00bbtop_left\u00bb background_repeat=\u00bbrepeat\u00bb text_orientation=\u00bbcenter\u00bb use_border_color=\u00bboff\u00bb border_color=\u00bb#ffffff\u00bb border_style=\u00bbsolid\u00bb global_colors_info=\u00bb{}\u00bb]<\/p>\n<p>Youtube<\/p>\n<p>[\/et_pb_blurb][et_pb_blurb url=\u00bbhttps:\/\/www.instagram.com\/construccionessanti\/\u00bb use_icon=\u00bbon\u00bb font_icon=\u00bb&#xe0c8;||divi||400&#8243; icon_placement=\u00bbleft\u00bb _builder_version=\u00bb4.13.0&#8243; header_font=\u00bb|on|||\u00bb header_text_color=\u00bb#000000&#8243; header_font_size=\u00bb18px\u00bb body_font=\u00bb|700|||||||\u00bb body_font_size=\u00bb18px\u00bb background_size=\u00bbinitial\u00bb background_position=\u00bbtop_left\u00bb background_repeat=\u00bbrepeat\u00bb text_orientation=\u00bbcenter\u00bb link_option_url=\u00bbhttps:\/\/www.instagram.com\/construccionessanti\/\u00bb use_border_color=\u00bboff\u00bb border_color=\u00bb#ffffff\u00bb border_style=\u00bbsolid\u00bb global_colors_info=\u00bb{}\u00bb]<\/p>\n<p>Instagram<\/p>\n<p>[\/et_pb_blurb][\/et_pb_column][et_pb_column type=\u00bb1_3&#8243; _builder_version=\u00bb3.25&#8243; custom_padding=\u00bb0.8em|0.8em|0.8em|0.8em|true|true\u00bb box_shadow_style=\u00bbpreset3&#8243; box_shadow_vertical=\u00bb5px\u00bb box_shadow_blur=\u00bb17px\u00bb global_colors_info=\u00bb{}\u00bb custom_padding__hover=\u00bb|||\u00bb][et_pb_blurb title=\u00bbEnlaces de inter\u00e9s:\u00bb use_icon=\u00bbon\u00bb font_icon=\u00bb&#xe082;||divi||400&#8243; icon_placement=\u00bbleft\u00bb _builder_version=\u00bb4.13.0&#8243; header_level=\u00bbh3&#8243; header_font=\u00bb|on|||\u00bb header_text_color=\u00bb#000000&#8243; header_font_size=\u00bb18px\u00bb body_text_color=\u00bb#FFFFFF\u00bb body_font_size=\u00bb16px\u00bb body_link_text_color=\u00bb#FFFFFF\u00bb background_size=\u00bbinitial\u00bb background_position=\u00bbtop_left\u00bb background_repeat=\u00bbrepeat\u00bb text_orientation=\u00bbcenter\u00bb custom_css_main_element=\u00bbheight:100%;\u00bb use_border_color=\u00bboff\u00bb border_color=\u00bb#ffffff\u00bb border_style=\u00bbsolid\u00bb global_colors_info=\u00bb{}\u00bb]<a href=\"https:\/\/www.construccionsireformessanti.com\/reformas-en-tarragona\/\">Reformas en Tarragona<\/a><\/p>\n<p><a href=\"https:\/\/www.construccionsireformessanti.com\/rehabilitacion-pisos-tarragona\/\">Rehabilitaci\u00f3n de pisos en Tarragona<\/a><\/p>\n<p><a href=\"https:\/\/www.construccionsireformessanti.com\/suelos-estampados-tarragona\/\">Suelos estampados en Tarragona<\/a>[\/et_pb_blurb][\/et_pb_column][\/et_pb_row][\/et_pb_section]<\/p>","protected":false},"excerpt":{"rendered":"<p>Empresa especializada en Construcciones y Reformas en Tarragona Realizamos todo tipo de reformas en la provincia: reformas integrales, reformas de ba\u00f1os, reformas de cocinas, escaleras met\u00e1licas, celos\u00edas met\u00e1licas personalizadas, cerramientos met\u00e1licos personalizados etc. Contacta con nosotros para m\u00e1s informaci\u00f3n Contactar con CiM SantiCONSTRUCCIONES Y MONTAJES SANTI\u00a0Empresa de Construcciones y Reformas en Tarragona profesionales de la [&hellip;]<\/p>","protected":false},"author":1,"featured_media":0,"parent":0,"menu_order":0,"comment_status":"open","ping_status":"closed","template":"","meta":{"_et_pb_use_builder":"on","_et_pb_old_content":"","_et_gb_content_width":"","footnotes":""},"class_list":["post-133","page","type-page","status-publish","hentry"],"yoast_head":"<!-- This site is optimized with the Yoast SEO plugin v27.1.1 - https:\/\/yoast.com\/product\/yoast-seo-wordpress\/ -->\n<title>Construcciones y reformas en Tarragona - Construcciones Santi<\/title>\n<meta name=\"description\" content=\"Empresa de Construcciones y reformas en Tarragona toda la provincia reformas de pisos, cocinas, ba\u00f1os. Jardiner\u00eda, cerrajer\u00eda. \u00a1Ll\u00e1manos!\" \/>\n<meta name=\"robots\" content=\"index, follow, max-snippet:-1, max-image-preview:large, max-video-preview:-1\" \/>\n<link rel=\"canonical\" href=\"https:\/\/www.construccionsireformessanti.com\/ca\/\" \/>\n<meta property=\"og:locale\" content=\"ca_ES\" \/>\n<meta property=\"og:type\" content=\"article\" \/>\n<meta property=\"og:title\" content=\"Construcciones y reformas en Tarragona - Construcciones Santi\" \/>\n<meta property=\"og:description\" content=\"Empresa de Construcciones y reformas en Tarragona toda la provincia reformas de pisos, cocinas, ba\u00f1os. Jardiner\u00eda, cerrajer\u00eda. \u00a1Ll\u00e1manos!\" \/>\n<meta property=\"og:url\" content=\"https:\/\/www.construccionsireformessanti.com\/ca\/\" \/>\n<meta property=\"og:site_name\" content=\"Construcciones y Montajes Santi\" \/>\n<meta property=\"article:modified_time\" content=\"2022-02-11T20:15:56+00:00\" \/>\n<meta property=\"og:image\" content=\"https:\/\/www.construccionsireformessanti.com\/wp-content\/uploads\/2015\/05\/logo.jpg\" \/>\n<meta name=\"twitter:card\" content=\"summary_large_image\" \/>\n<meta name=\"twitter:label1\" content=\"Temps estimat de lectura\" \/>\n\t<meta name=\"twitter:data1\" content=\"28 minuts\" \/>\n<script type=\"application\/ld+json\" class=\"yoast-schema-graph\">{\"@context\":\"https:\/\/schema.org\",\"@graph\":[{\"@type\":\"WebPage\",\"@id\":\"https:\/\/www.construccionsireformessanti.com\/\",\"url\":\"https:\/\/www.construccionsireformessanti.com\/\",\"name\":\"Construcciones y reformas en Tarragona - Construcciones Santi\",\"isPartOf\":{\"@id\":\"https:\/\/www.construccionsireformessanti.com\/#website\"},\"primaryImageOfPage\":{\"@id\":\"https:\/\/www.construccionsireformessanti.com\/#primaryimage\"},\"image\":{\"@id\":\"https:\/\/www.construccionsireformessanti.com\/#primaryimage\"},\"thumbnailUrl\":\"https:\/\/www.construccionsireformessanti.com\/wp-content\/uploads\/2015\/05\/logo.jpg\",\"datePublished\":\"2015-05-01T08:55:21+00:00\",\"dateModified\":\"2022-02-11T20:15:56+00:00\",\"description\":\"Empresa de Construcciones y reformas en Tarragona toda la provincia reformas de pisos, cocinas, ba\u00f1os. Jardiner\u00eda, cerrajer\u00eda. \u00a1Ll\u00e1manos!\",\"breadcrumb\":{\"@id\":\"https:\/\/www.construccionsireformessanti.com\/#breadcrumb\"},\"inLanguage\":\"ca\",\"potentialAction\":[{\"@type\":\"ReadAction\",\"target\":[\"https:\/\/www.construccionsireformessanti.com\/\"]}]},{\"@type\":\"ImageObject\",\"inLanguage\":\"ca\",\"@id\":\"https:\/\/www.construccionsireformessanti.com\/#primaryimage\",\"url\":\"https:\/\/www.construccionsireformessanti.com\/wp-content\/uploads\/2015\/05\/logo.jpg\",\"contentUrl\":\"https:\/\/www.construccionsireformessanti.com\/wp-content\/uploads\/2015\/05\/logo.jpg\"},{\"@type\":\"BreadcrumbList\",\"@id\":\"https:\/\/www.construccionsireformessanti.com\/#breadcrumb\",\"itemListElement\":[{\"@type\":\"ListItem\",\"position\":1,\"name\":\"Portada\",\"item\":\"https:\/\/www.construccionsireformessanti.com\/\"},{\"@type\":\"ListItem\",\"position\":2,\"name\":\"construcciones y reformas en tarragona\"}]},{\"@type\":\"WebSite\",\"@id\":\"https:\/\/www.construccionsireformessanti.com\/#website\",\"url\":\"https:\/\/www.construccionsireformessanti.com\/\",\"name\":\"Construcciones y Montajes Santi\",\"description\":\"Construcciones en Tarragona\",\"potentialAction\":[{\"@type\":\"SearchAction\",\"target\":{\"@type\":\"EntryPoint\",\"urlTemplate\":\"https:\/\/www.construccionsireformessanti.com\/?s={search_term_string}\"},\"query-input\":{\"@type\":\"PropertyValueSpecification\",\"valueRequired\":true,\"valueName\":\"search_term_string\"}}],\"inLanguage\":\"ca\"}]}<\/script>\n<!-- \/ Yoast SEO plugin. -->","yoast_head_json":{"title":"Construcciones y reformas en Tarragona - Construcciones Santi","description":"Empresa de Construcciones y reformas en Tarragona toda la provincia reformas de pisos, cocinas, ba\u00f1os. Jardiner\u00eda, cerrajer\u00eda. \u00a1Ll\u00e1manos!","robots":{"index":"index","follow":"follow","max-snippet":"max-snippet:-1","max-image-preview":"max-image-preview:large","max-video-preview":"max-video-preview:-1"},"canonical":"https:\/\/www.construccionsireformessanti.com\/ca\/","og_locale":"ca_ES","og_type":"article","og_title":"Construcciones y reformas en Tarragona - Construcciones Santi","og_description":"Empresa de Construcciones y reformas en Tarragona toda la provincia reformas de pisos, cocinas, ba\u00f1os. Jardiner\u00eda, cerrajer\u00eda. \u00a1Ll\u00e1manos!","og_url":"https:\/\/www.construccionsireformessanti.com\/ca\/","og_site_name":"Construcciones y Montajes Santi","article_modified_time":"2022-02-11T20:15:56+00:00","og_image":[{"url":"https:\/\/www.construccionsireformessanti.com\/wp-content\/uploads\/2015\/05\/logo.jpg","type":"","width":"","height":""}],"twitter_card":"summary_large_image","twitter_misc":{"Temps estimat de lectura":"28 minuts"},"schema":{"@context":"https:\/\/schema.org","@graph":[{"@type":"WebPage","@id":"https:\/\/www.construccionsireformessanti.com\/","url":"https:\/\/www.construccionsireformessanti.com\/","name":"Construcciones y reformas en Tarragona - Construcciones Santi","isPartOf":{"@id":"https:\/\/www.construccionsireformessanti.com\/#website"},"primaryImageOfPage":{"@id":"https:\/\/www.construccionsireformessanti.com\/#primaryimage"},"image":{"@id":"https:\/\/www.construccionsireformessanti.com\/#primaryimage"},"thumbnailUrl":"https:\/\/www.construccionsireformessanti.com\/wp-content\/uploads\/2015\/05\/logo.jpg","datePublished":"2015-05-01T08:55:21+00:00","dateModified":"2022-02-11T20:15:56+00:00","description":"Empresa de Construcciones y reformas en Tarragona toda la provincia reformas de pisos, cocinas, ba\u00f1os. Jardiner\u00eda, cerrajer\u00eda. \u00a1Ll\u00e1manos!","breadcrumb":{"@id":"https:\/\/www.construccionsireformessanti.com\/#breadcrumb"},"inLanguage":"ca","potentialAction":[{"@type":"ReadAction","target":["https:\/\/www.construccionsireformessanti.com\/"]}]},{"@type":"ImageObject","inLanguage":"ca","@id":"https:\/\/www.construccionsireformessanti.com\/#primaryimage","url":"https:\/\/www.construccionsireformessanti.com\/wp-content\/uploads\/2015\/05\/logo.jpg","contentUrl":"https:\/\/www.construccionsireformessanti.com\/wp-content\/uploads\/2015\/05\/logo.jpg"},{"@type":"BreadcrumbList","@id":"https:\/\/www.construccionsireformessanti.com\/#breadcrumb","itemListElement":[{"@type":"ListItem","position":1,"name":"Portada","item":"https:\/\/www.construccionsireformessanti.com\/"},{"@type":"ListItem","position":2,"name":"construcciones y reformas en tarragona"}]},{"@type":"WebSite","@id":"https:\/\/www.construccionsireformessanti.com\/#website","url":"https:\/\/www.construccionsireformessanti.com\/","name":"Construccions i Muntatges Santi","description":"Construcciones en Tarragona","potentialAction":[{"@type":"SearchAction","target":{"@type":"EntryPoint","urlTemplate":"https:\/\/www.construccionsireformessanti.com\/?s={search_term_string}"},"query-input":{"@type":"PropertyValueSpecification","valueRequired":true,"valueName":"search_term_string"}}],"inLanguage":"ca"}]}},"_links":{"self":[{"href":"https:\/\/www.construccionsireformessanti.com\/ca\/wp-json\/wp\/v2\/pages\/133","targetHints":{"allow":["GET"]}}],"collection":[{"href":"https:\/\/www.construccionsireformessanti.com\/ca\/wp-json\/wp\/v2\/pages"}],"about":[{"href":"https:\/\/www.construccionsireformessanti.com\/ca\/wp-json\/wp\/v2\/types\/page"}],"author":[{"embeddable":true,"href":"https:\/\/www.construccionsireformessanti.com\/ca\/wp-json\/wp\/v2\/users\/1"}],"replies":[{"embeddable":true,"href":"https:\/\/www.construccionsireformessanti.com\/ca\/wp-json\/wp\/v2\/comments?post=133"}],"version-history":[{"count":207,"href":"https:\/\/www.construccionsireformessanti.com\/ca\/wp-json\/wp\/v2\/pages\/133\/revisions"}],"predecessor-version":[{"id":1776,"href":"https:\/\/www.construccionsireformessanti.com\/ca\/wp-json\/wp\/v2\/pages\/133\/revisions\/1776"}],"wp:attachment":[{"href":"https:\/\/www.construccionsireformessanti.com\/ca\/wp-json\/wp\/v2\/media?parent=133"}],"curies":[{"name":"wp","href":"https:\/\/api.w.org\/{rel}","templated":true}]}}