{"id":1521,"date":"2021-05-13T10:08:25","date_gmt":"2021-05-13T10:08:25","guid":{"rendered":"https:\/\/www.construccionsireformessanti.com\/?page_id=1521"},"modified":"2023-02-08T08:38:36","modified_gmt":"2023-02-08T08:38:36","slug":"pergolas-de-madera-en-tarragona","status":"publish","type":"page","link":"https:\/\/www.construccionsireformessanti.com\/ca\/pergolas-de-madera-en-tarragona\/","title":{"rendered":"P\u00e9rgolas de madera en Tarragona"},"content":{"rendered":"<p>[et_pb_section fb_built=\u00bb1&#8243; custom_padding_last_edited=\u00bbon|phone\u00bb admin_label=\u00bbsection\u00bb _builder_version=\u00bb4.16&#8243; background_color=\u00bb#ffffff\u00bb background_image=\u00bbhttps:\/\/www.construccionsireformessanti.com\/wp-content\/uploads\/2015\/05\/wood-pergola.jpg\u00bb custom_padding=\u00bb5%||5%||true|false\u00bb custom_padding_tablet=\u00bb12%|0|10%|0|false|false\u00bb custom_padding_phone=\u00bb\u00bb global_colors_info=\u00bb{}\u00bb][et_pb_row padding_mobile=\u00bboff\u00bb column_padding_mobile=\u00bbon\u00bb admin_label=\u00bbrow\u00bb _builder_version=\u00bb4.16&#8243; background_size=\u00bbinitial\u00bb background_position=\u00bbtop_left\u00bb background_repeat=\u00bbrepeat\u00bb global_colors_info=\u00bb{}\u00bb][et_pb_column type=\u00bb4_4&#8243; _builder_version=\u00bb4.16&#8243; custom_padding=\u00bb|||\u00bb global_colors_info=\u00bb{}\u00bb custom_padding__hover=\u00bb|||\u00bb][et_pb_text _builder_version=\u00bb4.17.3&#8243; text_font_size=\u00bb20px\u00bb header_font=\u00bb|||on|||||\u00bb header_text_align=\u00bbcenter\u00bb header_font_size=\u00bb41px\u00bb header_2_text_align=\u00bbcenter\u00bb background_size=\u00bbinitial\u00bb background_position=\u00bbtop_left\u00bb background_repeat=\u00bbrepeat\u00bb text_orientation=\u00bbcenter\u00bb background_layout=\u00bbdark\u00bb hover_enabled=\u00bb0&#8243; text_font_size_tablet=\u00bb\u00bb text_font_size_phone=\u00bb16px\u00bb text_font_size_last_edited=\u00bbon|phone\u00bb header_font_size_tablet=\u00bb29px\u00bb header_font_size_phone=\u00bb17px\u00bb header_font_size_last_edited=\u00bbon|desktop\u00bb header_2_font_size_tablet=\u00bb\u00bb header_2_font_size_phone=\u00bb18px\u00bb header_2_font_size_last_edited=\u00bbon|phone\u00bb text_text_shadow_style=\u00bbpreset5&#8243; text_text_shadow_vertical_length=\u00bb0.14em\u00bb text_text_shadow_blur_strength=\u00bb0.04em\u00bb text_text_shadow_color=\u00bb#000000&#8243; header_text_shadow_style=\u00bbpreset5&#8243; header_text_shadow_blur_strength=\u00bb0.06em\u00bb header_text_shadow_color=\u00bb#000000&#8243; header_2_text_shadow_style=\u00bbpreset5&#8243; header_2_text_shadow_blur_strength=\u00bb0.05em\u00bb header_2_text_shadow_color=\u00bb#000000&#8243; global_colors_info=\u00bb{}\u00bb sticky_enabled=\u00bb0&#8243;]<\/p>\n<h1><strong><em>FABRICACI\u00d3N Y MONTAJE DE P\u00c9RGOLAS DE MADERA EN TARRAGONA<\/em><\/strong><\/h1>\n<p>P\u00e9rgolas de madera en la provincia Tarragona\u00a0 &#8211; Construcciones y Montajes Santi<\/p>\n<p>[\/et_pb_text][\/et_pb_column][\/et_pb_row][et_pb_row column_structure=\u00bb1_2,1_2&#8243; _builder_version=\u00bb4.16&#8243; _module_preset=\u00bbdefault\u00bb global_colors_info=\u00bb{}\u00bb][et_pb_column type=\u00bb1_2&#8243; _builder_version=\u00bb4.16&#8243; _module_preset=\u00bbdefault\u00bb global_colors_info=\u00bb{}\u00bb][et_pb_button button_url=\u00bbtel:+34606312900&#8243; button_text=\u00bbLl\u00e1manos  606-312-900&#8243; button_alignment=\u00bbcenter\u00bb _builder_version=\u00bb4.16&#8243; _module_preset=\u00bbdefault\u00bb custom_button=\u00bbon\u00bb button_bg_color=\u00bb#FFFFFF\u00bb global_colors_info=\u00bb{}\u00bb][\/et_pb_button][\/et_pb_column][et_pb_column type=\u00bb1_2&#8243; _builder_version=\u00bb4.16&#8243; _module_preset=\u00bbdefault\u00bb global_colors_info=\u00bb{}\u00bb][et_pb_button button_url=\u00bbtel:+34606312900&#8243; button_text=\u00bbLl\u00e1manos  606-312-900&#8243; button_alignment=\u00bbcenter\u00bb _builder_version=\u00bb4.16&#8243; _module_preset=\u00bbdefault\u00bb custom_button=\u00bbon\u00bb button_bg_color=\u00bb#FFFFFF\u00bb global_colors_info=\u00bb{}\u00bb][\/et_pb_button][\/et_pb_column][\/et_pb_row][\/et_pb_section][et_pb_section fb_built=\u00bb1&#8243; custom_padding_last_edited=\u00bbon|desktop\u00bb admin_label=\u00bbsection\u00bb _builder_version=\u00bb4.16&#8243; custom_padding_tablet=\u00bb50px|0|50px|0&#8243; custom_padding_phone=\u00bb\u00bb padding_mobile=\u00bboff\u00bb global_colors_info=\u00bb{}\u00bb][et_pb_row column_structure=\u00bb1_4,1_2,1_4&#8243; padding_mobile=\u00bboff\u00bb column_padding_mobile=\u00bbon\u00bb admin_label=\u00bbrow\u00bb module_class=\u00bb et_pb_row_fullwidth\u00bb _builder_version=\u00bb4.16&#8243; background_size=\u00bbinitial\u00bb background_position=\u00bbtop_left\u00bb background_repeat=\u00bbrepeat\u00bb width=\u00bb89%\u00bb width_tablet=\u00bb80%\u00bb width_phone=\u00bb\u00bb width_last_edited=\u00bbon|desktop\u00bb max_width=\u00bb89%\u00bb max_width_tablet=\u00bb80%\u00bb max_width_phone=\u00bb\u00bb max_width_last_edited=\u00bbon|desktop\u00bb make_fullwidth=\u00bbon\u00bb global_colors_info=\u00bb{}\u00bb][et_pb_column type=\u00bb1_4&#8243; _builder_version=\u00bb4.16&#8243; custom_padding=\u00bb|||\u00bb global_colors_info=\u00bb{}\u00bb custom_padding__hover=\u00bb|||\u00bb][et_pb_text _builder_version=\u00bb4.17.3&#8243; _module_preset=\u00bbdefault\u00bb header_2_text_align=\u00bbcenter\u00bb header_2_font_size=\u00bb22px\u00bb hover_enabled=\u00bb0&#8243; global_colors_info=\u00bb{}\u00bb sticky_enabled=\u00bb0&#8243;]<\/p>\n<h2>Fabricaci\u00f3n de p\u00e9rgolas de madera en Tarragona<\/h2>\n<p>En<strong> Construcciones y montajes Santi <\/strong>fabricamos, dise\u00f1amos y montamos<strong> p\u00e9rgolas de madera, <\/strong>abarcando toda la<strong> provincia de Tarragona <\/strong>(Reus, Cambrils, Tarragona).<\/p>\n<p>[\/et_pb_text][et_pb_image src=\u00bbhttps:\/\/www.construccionsireformessanti.com\/wp-content\/uploads\/2016\/09\/Pergola01.jpg\u00bb alt=\u00bbp\u00e9rgolas de madera tarragona\u00bb title_text=\u00bbp\u00e9rgolas de madera tarragona\u00bb show_in_lightbox=\u00bbon\u00bb align=\u00bbcenter\u00bb align_tablet=\u00bbcenter\u00bb align_phone=\u00bb\u00bb align_last_edited=\u00bbon|desktop\u00bb _builder_version=\u00bb4.17.3&#8243; animation_style=\u00bbslide\u00bb animation_direction=\u00bbtop\u00bb animation_duration=\u00bb500ms\u00bb animation_intensity_slide=\u00bb10%\u00bb hover_enabled=\u00bb0&#8243; animation=\u00bbtop\u00bb global_colors_info=\u00bb{}\u00bb sticky_enabled=\u00bb0&#8243;][\/et_pb_image][et_pb_image src=\u00bbhttps:\/\/www.construccionsireformessanti.com\/wp-content\/uploads\/2021\/12\/construccion-de-jardines-en-Tarragona.jpg\u00bb _builder_version=\u00bb4.17.3&#8243; _module_preset=\u00bbdefault\u00bb alt=\u00bbp\u00e9rgolas de madera tarragona\u00bb title_text=\u00bbp\u00e9rgolas de madera tarragona\u00bb hover_enabled=\u00bb0&#8243; sticky_enabled=\u00bb0&#8243; custom_padding=\u00bb50%||||false|false\u00bb][\/et_pb_image][\/et_pb_column][et_pb_column type=\u00bb1_2&#8243; _builder_version=\u00bb4.16&#8243; custom_padding=\u00bb|||\u00bb global_colors_info=\u00bb{}\u00bb custom_padding__hover=\u00bb|||\u00bb][et_pb_text _builder_version=\u00bb4.17.3&#8243; text_font_size=\u00bb18px\u00bb text_letter_spacing=\u00bb0&#8243; text_line_height=\u00bb1.7&#8243; header_font_size=\u00bb30&#8243; header_letter_spacing=\u00bb0&#8243; header_line_height=\u00bb1&#8243; background_size=\u00bbinitial\u00bb background_position=\u00bbtop_left\u00bb background_repeat=\u00bbrepeat\u00bb text_orientation=\u00bbcenter\u00bb hover_enabled=\u00bb0&#8243; text_letter_spacing_tablet=\u00bb0&#8243; text_letter_spacing_phone=\u00bb0&#8243; text_line_height_tablet=\u00bb1.7&#8243; text_line_height_phone=\u00bb1.7&#8243; header_font_size_tablet=\u00bb30&#8243; header_font_size_phone=\u00bb30&#8243; header_letter_spacing_tablet=\u00bb0&#8243; header_letter_spacing_phone=\u00bb0&#8243; header_line_height_tablet=\u00bb1&#8243; header_line_height_phone=\u00bb1&#8243; global_colors_info=\u00bb{}\u00bb sticky_enabled=\u00bb0&#8243;]<\/p>\n<h2 style=\"text-align: center; font-size: 30px; text-shadow: 3px 3px 3px black;\"><span style=\"color: #ff6600;\"><em><strong>MONTAJE DE P\u00c9RGOLAS DE MADERA EN TARRAGONA<br \/><\/strong><\/em><\/span><\/h2>\n<p>Si quiere disfrutar\u00a0 del exterior de su casa, local o negocio, mejorar su est\u00e9tica y armon\u00eda, y adem\u00e1s usar m\u00e1s esa terraza o patio donde a veces el sol o la lluvia impiden su uso, elija las p\u00e9rgolas de madera de Construcciones y Montajes Santi.<\/p>\n<p>[\/et_pb_text][et_pb_text _builder_version=\u00bb4.16&#8243; background_size=\u00bbinitial\u00bb background_position=\u00bbtop_left\u00bb background_repeat=\u00bbrepeat\u00bb global_colors_info=\u00bb{}\u00bb]<\/p>\n<p style=\"text-align: justify;\"><strong>Las p\u00e9rgolas de madera<\/strong> transforman una terraza, patio o un jard\u00edn en un espacio acogedor en su casa, local o negocio. Las ventajas son muchas, desde un dise\u00f1o atractivo, sombra, o aprovechar un espacio que durante los meses de verano no se utilizaba mucho.<\/p>\n<p style=\"text-align: justify;\">Transforma un espacio en una zona \u00fatil\u00a0 y a la vez decorativa con una <strong>p\u00e9rgola de madera<\/strong>. Su f\u00e1cil mantenimiento permite su disfrute de ellas durante much\u00edsimos a\u00f1os.<\/p>\n<p style=\"text-align: justify;\">En funci\u00f3n de la ubicaci\u00f3n, exposici\u00f3n al sol e inclemencias del tiempo, basta con aplicar un tratamiento b\u00e1sico entre los dos y cuatro a\u00f1os. Por la r\u00e1pida construcci\u00f3n y montaje de estas estructuras nos podemos permitir ofrecer a nuestros clientes <strong>precios muy econ\u00f3micos<\/strong> sin descuidar la calidad de las maderas.<\/p>\n<p style=\"text-align: justify;\">Si desea una p\u00e9rgola Construcciones y Montajes Santi se la instala r\u00e1pidamente.<\/p>\n<p style=\"text-align: justify;\">[\/et_pb_text][et_pb_cta title=\u00bbContacta con nosotros\u00bb button_url=\u00bbhttps:\/\/www.construccionsireformessanti.com\/contacto\/\u00bb button_text=\u00bbPresupuestos sin compromiso\u00bb _builder_version=\u00bb4.17.3&#8243; header_text_color=\u00bb#ff6600&#8243; header_letter_spacing=\u00bb0&#8243; header_line_height=\u00bb1&#8243; body_text_color=\u00bb#000000&#8243; body_letter_spacing=\u00bb0&#8243; body_line_height=\u00bb1.7&#8243; use_background_color=\u00bboff\u00bb background_size=\u00bbinitial\u00bb background_position=\u00bbtop_left\u00bb background_repeat=\u00bbrepeat\u00bb custom_button=\u00bbon\u00bb button_text_color=\u00bb#000000&#8243; button_bg_color=\u00bb#ffffff\u00bb button_border_color=\u00bb#ff6600&#8243; border_width_all=\u00bb1&#8243; border_color_all=\u00bb#ffffff\u00bb border_style_all=\u00bbsolid\u00bb use_border_color=\u00bbon\u00bb border_width=\u00bb1&#8243; saved_tabs=\u00bball\u00bb global_colors_info=\u00bb{}\u00bb button_text_size__hover_enabled=\u00bboff\u00bb button_one_text_size__hover_enabled=\u00bboff\u00bb button_two_text_size__hover_enabled=\u00bboff\u00bb button_text_color__hover_enabled=\u00bboff\u00bb button_one_text_color__hover_enabled=\u00bboff\u00bb button_two_text_color__hover_enabled=\u00bboff\u00bb button_border_width__hover_enabled=\u00bboff\u00bb button_one_border_width__hover_enabled=\u00bboff\u00bb button_two_border_width__hover_enabled=\u00bboff\u00bb button_border_color__hover_enabled=\u00bboff\u00bb button_one_border_color__hover_enabled=\u00bboff\u00bb button_two_border_color__hover_enabled=\u00bboff\u00bb button_border_radius__hover_enabled=\u00bboff\u00bb button_one_border_radius__hover_enabled=\u00bboff\u00bb button_two_border_radius__hover_enabled=\u00bboff\u00bb button_letter_spacing__hover_enabled=\u00bboff\u00bb button_one_letter_spacing__hover_enabled=\u00bboff\u00bb button_two_letter_spacing__hover_enabled=\u00bboff\u00bb button_bg_color__hover_enabled=\u00bboff\u00bb button_one_bg_color__hover_enabled=\u00bboff\u00bb button_two_bg_color__hover_enabled=\u00bboff\u00bb]<\/p>\n<p>Solicita tu presupuesto sin compromiso para la construcci\u00f3n de p\u00e9rgola de madera en Tarragona o poblaciones cercanas como Reus, Salou, Cambrils, Castellvell, Almoster<\/p>\n<p>[\/et_pb_cta][et_pb_text _builder_version=\u00bb4.17.3&#8243; background_size=\u00bbinitial\u00bb background_position=\u00bbtop_left\u00bb background_repeat=\u00bbrepeat\u00bb hover_enabled=\u00bb0&#8243; global_colors_info=\u00bb{}\u00bb locked=\u00bboff\u00bb sticky_enabled=\u00bb0&#8243;]<\/p>\n<h2 style=\"text-align: justify;\"><b>Disfruta de todos los beneficios de las p\u00e9rgolas de madera<\/b><\/h2>\n<p>Las p\u00e9rgolas ofrecen una serie de beneficubiertos y ventajas, algunos de ellos incluyen:<\/p>\n<ol>\n<li><strong>Protecci\u00f3n contra el sol:<\/strong> Las p\u00e9rgolas brindan sombra y protecci\u00f3n contra los rayos UV, lo que las hace ideales para relajarse y disfrutar de un d\u00eda al aire libre sin tener que preocuparse por los da\u00f1inos efectos del sol.<\/li>\n<li><strong>Mejoran el aspecto de su jard\u00edn:<\/strong> Las p\u00e9rgolas pueden ser dise\u00f1adas y personalizadas para complementar y mejorar el aspecto de su jard\u00edn.<\/li>\n<li><strong>Ampl\u00edan su espacio de vida al aire libre:<\/strong> Las p\u00e9rgolas pueden ser utilizadas como un espacio adicional para entretener a amigos y familiares, como un lugar para relajarse o simplemente para disfrutar de la naturaleza.<\/li>\n<li><strong>Aumentan el valor de su propiedad:<\/strong> Al agregar una p\u00e9rgola a su jard\u00edn, puede mejorar significativamente la apariencia y el valor de su propiedad.<\/li>\n<li><strong>F\u00e1cil de mantener:<\/strong> Las p\u00e9rgolas est\u00e1n hechas de materiales duraderos y resistentes a la intemperie, por lo que son f\u00e1ciles de mantener y requieren poco mantenimiento.<\/li>\n<\/ol>\n<p>En conclusi\u00f3n, las p\u00e9rgolas son una excelente adici\u00f3n a cualquier jard\u00edn o espacio exterior, que ofrecen funcionalidad, est\u00e9tica y una serie de ventajas para su vida al aire libre.<\/p>\n<p style=\"text-align: justify;\">[\/et_pb_text][\/et_pb_column][et_pb_column type=\u00bb1_4&#8243; _builder_version=\u00bb4.16&#8243; custom_padding=\u00bb|||\u00bb global_colors_info=\u00bb{}\u00bb custom_padding__hover=\u00bb|||\u00bb][et_pb_text _builder_version=\u00bb4.16&#8243; _module_preset=\u00bbdefault\u00bb global_colors_info=\u00bb{}\u00bb]<\/p>\n<p>Las\u00a0<b>p\u00e9rgolas\u00a0<\/b>son ideales para proteger tu porche o patio del sol, por eso cada vez m\u00e1s las personas optan por <b>instalar una p\u00e9rgola<\/b> en su hogar o en locales comerciales. Desde Construcci\u00f3n y Reformas Santi, nos dedicamos a<b> instalar p\u00e9rgolas de madera en Tarragona <\/b>y localidades cercanas.<\/p>\n<p>[\/et_pb_text][et_pb_image src=\u00bbhttps:\/\/www.construccionsireformessanti.com\/wp-content\/uploads\/2015\/05\/PERGOLAS_MADER_CUADRADA.jpg\u00bb alt=\u00bbp\u00e9rgolas de madera tarragona\u00bb title_text=\u00bbp\u00e9rgolas de madera tarragona\u00bb _builder_version=\u00bb4.17.3&#8243; _module_preset=\u00bbdefault\u00bb hover_enabled=\u00bb0&#8243; global_colors_info=\u00bb{}\u00bb sticky_enabled=\u00bb0&#8243;][\/et_pb_image][et_pb_image src=\u00bbhttps:\/\/www.construccionsireformessanti.com\/wp-content\/uploads\/2020\/07\/pergola.jpg\u00bb _builder_version=\u00bb4.17.3&#8243; _module_preset=\u00bbdefault\u00bb alt=\u00bbp\u00e9rgolas de madera tarragona\u00bb title_text=\u00bbp\u00e9rgolas de madera tarragona\u00bb hover_enabled=\u00bb0&#8243; sticky_enabled=\u00bb0&#8243; custom_padding=\u00bb50%||||false|false\u00bb][\/et_pb_image][\/et_pb_column][\/et_pb_row][et_pb_row _builder_version=\u00bb4.16&#8243; _module_preset=\u00bbdefault\u00bb global_colors_info=\u00bb{}\u00bb][et_pb_column type=\u00bb4_4&#8243; _builder_version=\u00bb4.16&#8243; _module_preset=\u00bbdefault\u00bb global_colors_info=\u00bb{}\u00bb][et_pb_blog fullwidth=\u00bboff\u00bb posts_number=\u00bb3&#8243; include_categories=\u00bb18&#8243; show_thumbnail=\u00bboff\u00bb show_more=\u00bbon\u00bb show_categories=\u00bboff\u00bb _builder_version=\u00bb4.17.3&#8243; header_letter_spacing=\u00bb0&#8243; header_line_height=\u00bb1&#8243; body_letter_spacing=\u00bb0&#8243; body_line_height=\u00bb1.7&#8243; meta_letter_spacing=\u00bb0&#8243; meta_line_height=\u00bb1.7&#8243; hover_enabled=\u00bb0&#8243; global_colors_info=\u00bb{}\u00bb sticky_enabled=\u00bb0&#8243;][\/et_pb_blog][\/et_pb_column][\/et_pb_row][\/et_pb_section][et_pb_section fb_built=\u00bb1&#8243; custom_padding_last_edited=\u00bbon|desktop\u00bb admin_label=\u00bbsection\u00bb _builder_version=\u00bb3.22&#8243; background_color=\u00bb#CE4F00&#8243; custom_padding=\u00bb0px|0px|0px|0px\u00bb custom_padding_tablet=\u00bb50px|0|50px|0&#8243; custom_padding_phone=\u00bb\u00bb transparent_background=\u00bboff\u00bb padding_mobile=\u00bboff\u00bb make_fullwidth=\u00bboff\u00bb use_custom_width=\u00bboff\u00bb width_unit=\u00bboff\u00bb custom_width_px=\u00bb1080px\u00bb custom_width_percent=\u00bb80%\u00bb global_module=\u00bb616&#8243; global_colors_info=\u00bb{}\u00bb][et_pb_row column_structure=\u00bb1_3,1_3,1_3&#8243; make_equal=\u00bbon\u00bb column_padding_mobile=\u00bbon\u00bb admin_label=\u00bbrow\u00bb _builder_version=\u00bb4.16&#8243; background_size=\u00bbinitial\u00bb background_position=\u00bbtop_left\u00bb background_repeat=\u00bbrepeat\u00bb custom_padding=\u00bb||||false|false\u00bb global_colors_info=\u00bb{}\u00bb][et_pb_column type=\u00bb1_3&#8243; _builder_version=\u00bb4.16&#8243; custom_padding=\u00bb0.8em|0.8em|0.8em|0.8em|true|true\u00bb box_shadow_style=\u00bbpreset3&#8243; box_shadow_vertical=\u00bb5px\u00bb box_shadow_blur=\u00bb17px\u00bb global_colors_info=\u00bb{}\u00bb custom_padding__hover=\u00bb|||\u00bb][et_pb_blurb title=\u00bbDirecci\u00f3n:\u00bb use_icon=\u00bbon\u00bb font_icon=\u00bb&#xe080;||divi||400&#8243; icon_placement=\u00bbleft\u00bb _builder_version=\u00bb4.16&#8243; header_level=\u00bbh3&#8243; header_font=\u00bb|on|||\u00bb header_text_color=\u00bb#000000&#8243; header_font_size=\u00bb18px\u00bb body_text_color=\u00bb#FFFFFF\u00bb body_font_size=\u00bb16px\u00bb background_size=\u00bbinitial\u00bb background_position=\u00bbtop_left\u00bb background_repeat=\u00bbrepeat\u00bb text_orientation=\u00bbcenter\u00bb custom_css_main_element=\u00bbheight:100%;\u00bb use_border_color=\u00bboff\u00bb border_color=\u00bb#ffffff\u00bb border_style=\u00bbsolid\u00bb global_colors_info=\u00bb{}\u00bb]C\/ Llenguaderes, 3<\/p>\n<p>43392 \u2013 Castellvell del Camp<\/p>\n<p>(Tarragona)[\/et_pb_blurb][\/et_pb_column][et_pb_column type=\u00bb1_3&#8243; _builder_version=\u00bb4.16&#8243; custom_padding=\u00bb0.8em|0.8em|0.8em|0.8em|true|true\u00bb box_shadow_style=\u00bbpreset3&#8243; box_shadow_vertical=\u00bb5px\u00bb box_shadow_blur=\u00bb17px\u00bb global_colors_info=\u00bb{}\u00bb custom_padding__hover=\u00bb|||\u00bb][et_pb_blurb title=\u00bbContacto:\u00bb use_icon=\u00bbon\u00bb font_icon=\u00bb&#xe090;||divi||400&#8243; icon_placement=\u00bbleft\u00bb _builder_version=\u00bb4.16&#8243; header_level=\u00bbh3&#8243; header_font=\u00bb|on|||\u00bb header_text_color=\u00bb#000000&#8243; header_font_size=\u00bb18px\u00bb body_font=\u00bb|700|||||||\u00bb body_text_color=\u00bb#FFFFFF\u00bb body_font_size=\u00bb16px\u00bb background_size=\u00bbinitial\u00bb background_position=\u00bbtop_left\u00bb background_repeat=\u00bbrepeat\u00bb text_orientation=\u00bbcenter\u00bb use_border_color=\u00bboff\u00bb border_color=\u00bb#ffffff\u00bb border_style=\u00bbsolid\u00bb global_colors_info=\u00bb{}\u00bb]<a style=\"color: #ffffff;\" href=\"tel:\/\/606312900\">606 312 900<\/a>[\/et_pb_blurb][et_pb_blurb url=\u00bbhttps:\/\/www.youtube.com\/channel\/UCjg_52j530v4yFYASsMTnJQ\u00bb use_icon=\u00bbon\u00bb font_icon=\u00bb&#xe0d1;||divi||400&#8243; icon_placement=\u00bbleft\u00bb _builder_version=\u00bb4.16&#8243; header_font=\u00bb|on|||\u00bb header_text_color=\u00bb#000000&#8243; header_font_size=\u00bb18px\u00bb body_font=\u00bb|700|||||||\u00bb body_font_size=\u00bb18px\u00bb background_size=\u00bbinitial\u00bb background_position=\u00bbtop_left\u00bb background_repeat=\u00bbrepeat\u00bb text_orientation=\u00bbcenter\u00bb use_border_color=\u00bboff\u00bb border_color=\u00bb#ffffff\u00bb border_style=\u00bbsolid\u00bb global_colors_info=\u00bb{}\u00bb]<\/p>\n<p>Youtube<\/p>\n<p>[\/et_pb_blurb][et_pb_blurb url=\u00bbhttps:\/\/www.instagram.com\/construccionessanti\/\u00bb use_icon=\u00bbon\u00bb font_icon=\u00bb&#xe0c8;||divi||400&#8243; icon_placement=\u00bbleft\u00bb _builder_version=\u00bb4.17.3&#8243; header_font=\u00bb|on|||\u00bb header_text_color=\u00bb#000000&#8243; header_font_size=\u00bb18px\u00bb body_font=\u00bb|700|||||||\u00bb body_font_size=\u00bb18px\u00bb background_size=\u00bbinitial\u00bb background_position=\u00bbtop_left\u00bb background_repeat=\u00bbrepeat\u00bb text_orientation=\u00bbcenter\u00bb link_option_url=\u00bbhttps:\/\/www.instagram.com\/construccionessanti\/\u00bb use_border_color=\u00bboff\u00bb border_color=\u00bb#ffffff\u00bb border_style=\u00bbsolid\u00bb global_colors_info=\u00bb{}\u00bb]<\/p>\n<p>Instagram<\/p>\n<p>[\/et_pb_blurb][\/et_pb_column][et_pb_column type=\u00bb1_3&#8243; _builder_version=\u00bb4.16&#8243; custom_padding=\u00bb0.8em|0.8em|0.8em|0.8em|true|true\u00bb box_shadow_style=\u00bbpreset3&#8243; box_shadow_vertical=\u00bb5px\u00bb box_shadow_blur=\u00bb17px\u00bb global_colors_info=\u00bb{}\u00bb custom_padding__hover=\u00bb|||\u00bb][et_pb_blurb title=\u00bbEnlaces de inter\u00e9s:\u00bb use_icon=\u00bbon\u00bb font_icon=\u00bb&#xe082;||divi||400&#8243; icon_placement=\u00bbleft\u00bb _builder_version=\u00bb4.16&#8243; header_level=\u00bbh3&#8243; header_font=\u00bb|on|||\u00bb header_text_color=\u00bb#000000&#8243; header_font_size=\u00bb18px\u00bb body_text_color=\u00bb#FFFFFF\u00bb body_font_size=\u00bb16px\u00bb body_link_text_color=\u00bb#FFFFFF\u00bb background_size=\u00bbinitial\u00bb background_position=\u00bbtop_left\u00bb background_repeat=\u00bbrepeat\u00bb text_orientation=\u00bbcenter\u00bb custom_css_main_element=\u00bbheight:100%;\u00bb use_border_color=\u00bboff\u00bb border_color=\u00bb#ffffff\u00bb border_style=\u00bbsolid\u00bb global_colors_info=\u00bb{}\u00bb]<a href=\"https:\/\/www.construccionsireformessanti.com\/reformas-en-tarragona\/\">Reformas en Tarragona<\/a><\/p>\n<p><a href=\"https:\/\/www.construccionsireformessanti.com\/rehabilitacion-pisos-tarragona\/\">Rehabilitaci\u00f3n de pisos en Tarragona<\/a><\/p>\n<p><a href=\"https:\/\/www.construccionsireformessanti.com\/suelos-estampados-tarragona\/\">Suelos estampados en Tarragona<\/a>[\/et_pb_blurb][\/et_pb_column][\/et_pb_row][\/et_pb_section]<\/p>","protected":false},"excerpt":{"rendered":"<p>FABRICACI\u00d3N Y MONTAJE DE P\u00c9RGOLAS DE MADERA EN TARRAGONA P\u00e9rgolas de madera en la provincia Tarragona\u00a0 &#8211; Construcciones y Montajes SantiFabricaci\u00f3n de p\u00e9rgolas de madera en Tarragona En Construcciones y montajes Santi fabricamos, dise\u00f1amos y montamos p\u00e9rgolas de madera, abarcando toda la provincia de Tarragona (Reus, Cambrils, Tarragona).MONTAJE DE P\u00c9RGOLAS DE MADERA EN TARRAGONA Si [&hellip;]<\/p>","protected":false},"author":1,"featured_media":0,"parent":0,"menu_order":0,"comment_status":"open","ping_status":"closed","template":"","meta":{"_et_pb_use_builder":"on","_et_pb_old_content":"","_et_gb_content_width":"","footnotes":""},"class_list":["post-1521","page","type-page","status-publish","hentry"],"yoast_head":"<!-- This site is optimized with the Yoast SEO plugin v27.1.1 - https:\/\/yoast.com\/product\/yoast-seo-wordpress\/ -->\n<title>P\u00e9rgolas de madera en Tarragona - Construcciones Santi<\/title>\n<meta name=\"description\" content=\"P\u00e9rgolas de madera en Tarragona - fabricamos montamos p\u00e9rgolas de madera en toda la provincia Tarragona (Reus Cambrils Salou etc)\" \/>\n<meta name=\"robots\" content=\"index, follow, max-snippet:-1, max-image-preview:large, max-video-preview:-1\" \/>\n<link rel=\"canonical\" href=\"https:\/\/www.construccionsireformessanti.com\/ca\/pergolas-de-madera-en-tarragona\/\" \/>\n<meta property=\"og:locale\" content=\"ca_ES\" \/>\n<meta property=\"og:type\" content=\"article\" \/>\n<meta property=\"og:title\" content=\"P\u00e9rgolas de madera en Tarragona - Construcciones Santi\" \/>\n<meta property=\"og:description\" content=\"P\u00e9rgolas de madera en Tarragona - fabricamos montamos p\u00e9rgolas de madera en toda la provincia Tarragona (Reus Cambrils Salou etc)\" \/>\n<meta property=\"og:url\" content=\"https:\/\/www.construccionsireformessanti.com\/ca\/pergolas-de-madera-en-tarragona\/\" \/>\n<meta property=\"og:site_name\" content=\"Construcciones y Montajes Santi\" \/>\n<meta property=\"article:modified_time\" content=\"2023-02-08T08:38:36+00:00\" \/>\n<meta name=\"twitter:card\" content=\"summary_large_image\" \/>\n<meta name=\"twitter:label1\" content=\"Temps estimat de lectura\" \/>\n\t<meta name=\"twitter:data1\" content=\"12 minuts\" \/>\n<script type=\"application\/ld+json\" class=\"yoast-schema-graph\">{\"@context\":\"https:\/\/schema.org\",\"@graph\":[{\"@type\":\"WebPage\",\"@id\":\"https:\/\/www.construccionsireformessanti.com\/pergolas-de-madera-en-tarragona\/\",\"url\":\"https:\/\/www.construccionsireformessanti.com\/pergolas-de-madera-en-tarragona\/\",\"name\":\"P\u00e9rgolas de madera en Tarragona - Construcciones Santi\",\"isPartOf\":{\"@id\":\"https:\/\/www.construccionsireformessanti.com\/#website\"},\"datePublished\":\"2021-05-13T10:08:25+00:00\",\"dateModified\":\"2023-02-08T08:38:36+00:00\",\"description\":\"P\u00e9rgolas de madera en Tarragona - fabricamos montamos p\u00e9rgolas de madera en toda la provincia Tarragona (Reus Cambrils Salou etc)\",\"breadcrumb\":{\"@id\":\"https:\/\/www.construccionsireformessanti.com\/pergolas-de-madera-en-tarragona\/#breadcrumb\"},\"inLanguage\":\"ca\",\"potentialAction\":[{\"@type\":\"ReadAction\",\"target\":[\"https:\/\/www.construccionsireformessanti.com\/pergolas-de-madera-en-tarragona\/\"]}]},{\"@type\":\"BreadcrumbList\",\"@id\":\"https:\/\/www.construccionsireformessanti.com\/pergolas-de-madera-en-tarragona\/#breadcrumb\",\"itemListElement\":[{\"@type\":\"ListItem\",\"position\":1,\"name\":\"Portada\",\"item\":\"https:\/\/www.construccionsireformessanti.com\/\"},{\"@type\":\"ListItem\",\"position\":2,\"name\":\"P\u00e9rgolas de madera en Tarragona\"}]},{\"@type\":\"WebSite\",\"@id\":\"https:\/\/www.construccionsireformessanti.com\/#website\",\"url\":\"https:\/\/www.construccionsireformessanti.com\/\",\"name\":\"Construcciones y Montajes Santi\",\"description\":\"Construcciones en Tarragona\",\"potentialAction\":[{\"@type\":\"SearchAction\",\"target\":{\"@type\":\"EntryPoint\",\"urlTemplate\":\"https:\/\/www.construccionsireformessanti.com\/?s={search_term_string}\"},\"query-input\":{\"@type\":\"PropertyValueSpecification\",\"valueRequired\":true,\"valueName\":\"search_term_string\"}}],\"inLanguage\":\"ca\"}]}<\/script>\n<!-- \/ Yoast SEO plugin. -->","yoast_head_json":{"title":"P\u00e9rgolas de madera en Tarragona - Construcciones Santi","description":"P\u00e9rgolas de madera en Tarragona - fabricamos montamos p\u00e9rgolas de madera en toda la provincia Tarragona (Reus Cambrils Salou etc)","robots":{"index":"index","follow":"follow","max-snippet":"max-snippet:-1","max-image-preview":"max-image-preview:large","max-video-preview":"max-video-preview:-1"},"canonical":"https:\/\/www.construccionsireformessanti.com\/ca\/pergolas-de-madera-en-tarragona\/","og_locale":"ca_ES","og_type":"article","og_title":"P\u00e9rgolas de madera en Tarragona - Construcciones Santi","og_description":"P\u00e9rgolas de madera en Tarragona - fabricamos montamos p\u00e9rgolas de madera en toda la provincia Tarragona (Reus Cambrils Salou etc)","og_url":"https:\/\/www.construccionsireformessanti.com\/ca\/pergolas-de-madera-en-tarragona\/","og_site_name":"Construcciones y Montajes Santi","article_modified_time":"2023-02-08T08:38:36+00:00","twitter_card":"summary_large_image","twitter_misc":{"Temps estimat de lectura":"12 minuts"},"schema":{"@context":"https:\/\/schema.org","@graph":[{"@type":"WebPage","@id":"https:\/\/www.construccionsireformessanti.com\/pergolas-de-madera-en-tarragona\/","url":"https:\/\/www.construccionsireformessanti.com\/pergolas-de-madera-en-tarragona\/","name":"P\u00e9rgolas de madera en Tarragona - Construcciones Santi","isPartOf":{"@id":"https:\/\/www.construccionsireformessanti.com\/#website"},"datePublished":"2021-05-13T10:08:25+00:00","dateModified":"2023-02-08T08:38:36+00:00","description":"P\u00e9rgolas de madera en Tarragona - fabricamos montamos p\u00e9rgolas de madera en toda la provincia Tarragona (Reus Cambrils Salou etc)","breadcrumb":{"@id":"https:\/\/www.construccionsireformessanti.com\/pergolas-de-madera-en-tarragona\/#breadcrumb"},"inLanguage":"ca","potentialAction":[{"@type":"ReadAction","target":["https:\/\/www.construccionsireformessanti.com\/pergolas-de-madera-en-tarragona\/"]}]},{"@type":"BreadcrumbList","@id":"https:\/\/www.construccionsireformessanti.com\/pergolas-de-madera-en-tarragona\/#breadcrumb","itemListElement":[{"@type":"ListItem","position":1,"name":"Portada","item":"https:\/\/www.construccionsireformessanti.com\/"},{"@type":"ListItem","position":2,"name":"P\u00e9rgolas de madera en Tarragona"}]},{"@type":"WebSite","@id":"https:\/\/www.construccionsireformessanti.com\/#website","url":"https:\/\/www.construccionsireformessanti.com\/","name":"Construccions i Muntatges Santi","description":"Construcciones en Tarragona","potentialAction":[{"@type":"SearchAction","target":{"@type":"EntryPoint","urlTemplate":"https:\/\/www.construccionsireformessanti.com\/?s={search_term_string}"},"query-input":{"@type":"PropertyValueSpecification","valueRequired":true,"valueName":"search_term_string"}}],"inLanguage":"ca"}]}},"_links":{"self":[{"href":"https:\/\/www.construccionsireformessanti.com\/ca\/wp-json\/wp\/v2\/pages\/1521","targetHints":{"allow":["GET"]}}],"collection":[{"href":"https:\/\/www.construccionsireformessanti.com\/ca\/wp-json\/wp\/v2\/pages"}],"about":[{"href":"https:\/\/www.construccionsireformessanti.com\/ca\/wp-json\/wp\/v2\/types\/page"}],"author":[{"embeddable":true,"href":"https:\/\/www.construccionsireformessanti.com\/ca\/wp-json\/wp\/v2\/users\/1"}],"replies":[{"embeddable":true,"href":"https:\/\/www.construccionsireformessanti.com\/ca\/wp-json\/wp\/v2\/comments?post=1521"}],"version-history":[{"count":9,"href":"https:\/\/www.construccionsireformessanti.com\/ca\/wp-json\/wp\/v2\/pages\/1521\/revisions"}],"predecessor-version":[{"id":2013,"href":"https:\/\/www.construccionsireformessanti.com\/ca\/wp-json\/wp\/v2\/pages\/1521\/revisions\/2013"}],"wp:attachment":[{"href":"https:\/\/www.construccionsireformessanti.com\/ca\/wp-json\/wp\/v2\/media?parent=1521"}],"curies":[{"name":"wp","href":"https:\/\/api.w.org\/{rel}","templated":true}]}}