{"id":450,"date":"2015-06-09T17:53:02","date_gmt":"2015-06-09T17:53:02","guid":{"rendered":"http:\/\/www.construccionsireformessanti.com\/?page_id=450"},"modified":"2022-07-07T10:50:45","modified_gmt":"2022-07-07T10:50:45","slug":"corte-de-plasma-en-tarragona","status":"publish","type":"page","link":"https:\/\/www.construccionsireformessanti.com\/ca\/corte-de-plasma-en-tarragona\/","title":{"rendered":"Tall de plasma a Tarragona"},"content":{"rendered":"<p>[et_pb_section fb_built=\u00bb1&#8243; custom_padding_last_edited=\u00bbon|desktop\u00bb admin_label=\u00bbsection\u00bb _builder_version=\u00bb4.16&#8243; background_color=\u00bb#ffffff\u00bb background_image=\u00bbhttps:\/\/www.construccionsireformessanti.com\/wp-content\/uploads\/2015\/06\/plasma-corte-santi.jpg\u00bb custom_padding_tablet=\u00bb50px|0|50px|0&#8243; custom_padding_phone=\u00bb\u00bb transparent_background=\u00bboff\u00bb padding_mobile=\u00bboff\u00bb global_colors_info=\u00bb{}\u00bb][et_pb_row padding_mobile=\u00bboff\u00bb column_padding_mobile=\u00bbon\u00bb admin_label=\u00bbrow\u00bb _builder_version=\u00bb4.16&#8243; background_size=\u00bbinitial\u00bb background_position=\u00bbtop_left\u00bb background_repeat=\u00bbrepeat\u00bb global_colors_info=\u00bb{}\u00bb][et_pb_column type=\u00bb4_4&#8243; _builder_version=\u00bb4.16&#8243; custom_padding=\u00bb|||\u00bb global_colors_info=\u00bb{}\u00bb custom_padding__hover=\u00bb|||\u00bb][et_pb_text admin_label=\u00bbTexto\u00bb _builder_version=\u00bb4.16&#8243; background_size=\u00bbinitial\u00bb background_position=\u00bbtop_left\u00bb background_repeat=\u00bbrepeat\u00bb background_layout=\u00bbdark\u00bb use_border_color=\u00bboff\u00bb border_style=\u00bbsolid\u00bb global_colors_info=\u00bb{}\u00bb]<\/p>\n<h2 style=\"text-align: center; text-shadow: 4px 4px 4px black; font-size: 26px;\"><em>Corte de plasma en Tarragona<\/em><\/h2>\n<h1 style=\"text-align: center; text-shadow: 4px 4px 4px black; font-size: 30px;\">Construcciones y Montajes Santi<\/h1>\n<p>[\/et_pb_text][\/et_pb_column][\/et_pb_row][\/et_pb_section][et_pb_section fb_built=\u00bb1&#8243; custom_padding_last_edited=\u00bbon|desktop\u00bb admin_label=\u00bbsection\u00bb _builder_version=\u00bb4.16&#8243; custom_padding_tablet=\u00bb50px|0|50px|0&#8243; custom_padding_phone=\u00bb\u00bb transparent_background=\u00bboff\u00bb padding_mobile=\u00bboff\u00bb global_colors_info=\u00bb{}\u00bb][et_pb_row column_structure=\u00bb1_4,1_2,1_4&#8243; padding_mobile=\u00bboff\u00bb column_padding_mobile=\u00bbon\u00bb admin_label=\u00bbrow\u00bb module_class=\u00bb et_pb_row_fullwidth\u00bb _builder_version=\u00bb4.16&#8243; background_size=\u00bbinitial\u00bb background_position=\u00bbtop_left\u00bb background_repeat=\u00bbrepeat\u00bb width=\u00bb89%\u00bb width_tablet=\u00bb80%\u00bb width_phone=\u00bb80%\u00bb width_last_edited=\u00bbon|desktop\u00bb max_width=\u00bb89%\u00bb max_width_tablet=\u00bb80%\u00bb max_width_phone=\u00bb80%\u00bb max_width_last_edited=\u00bbon|desktop\u00bb make_fullwidth=\u00bbon\u00bb custom_width_percent=\u00bb80&#8243; global_colors_info=\u00bb{}\u00bb][et_pb_column type=\u00bb1_4&#8243; _builder_version=\u00bb4.16&#8243; custom_padding=\u00bb|||\u00bb global_colors_info=\u00bb{}\u00bb custom_padding__hover=\u00bb|||\u00bb][et_pb_image src=\u00bbhttps:\/\/www.construccionsireformessanti.com\/wp-content\/uploads\/2015\/06\/CORTE-DE-PLASMA-TARRAGONA-SANTI.jpg\u00bb alt=\u00bbCorte de plasma en Tarragona\u00bb title_text=\u00bbCorte de plasma en Tarragona\u00bb show_in_lightbox=\u00bbon\u00bb align=\u00bbcenter\u00bb align_tablet=\u00bbcenter\u00bb align_phone=\u00bbcenter\u00bb align_last_edited=\u00bbon|desktop\u00bb admin_label=\u00bbImagen\u00bb _builder_version=\u00bb4.16&#8243; animation_style=\u00bbslide\u00bb animation_direction=\u00bbleft\u00bb animation_duration=\u00bb500ms\u00bb animation_intensity_slide=\u00bb10%\u00bb use_border_color=\u00bboff\u00bb border_color=\u00bb#ffffff\u00bb border_width=\u00bb1&#8243; border_style=\u00bbsolid\u00bb animation=\u00bbleft\u00bb sticky=\u00bboff\u00bb global_colors_info=\u00bb{}\u00bb] [\/et_pb_image][et_pb_blog posts_number=\u00bb3&#8243; include_categories=\u00bb3&#8243; show_thumbnail=\u00bboff\u00bb show_more=\u00bbon\u00bb show_author=\u00bboff\u00bb show_date=\u00bboff\u00bb show_categories=\u00bboff\u00bb admin_label=\u00bbBlog\u00bb _builder_version=\u00bb4.16&#8243; header_letter_spacing=\u00bb0&#8243; header_line_height=\u00bb1&#8243; body_letter_spacing=\u00bb0&#8243; body_line_height=\u00bb1.7&#8243; meta_letter_spacing=\u00bb0&#8243; meta_line_height=\u00bb1.7&#8243; use_border_color=\u00bboff\u00bb border_color=\u00bb#ffffff\u00bb border_width=\u00bb1&#8243; border_style=\u00bbsolid\u00bb use_dropshadow=\u00bboff\u00bb global_colors_info=\u00bb{}\u00bb] [\/et_pb_blog][\/et_pb_column][et_pb_column type=\u00bb1_2&#8243; _builder_version=\u00bb4.16&#8243; custom_padding=\u00bb|||\u00bb global_colors_info=\u00bb{}\u00bb custom_padding__hover=\u00bb|||\u00bb][et_pb_text admin_label=\u00bbTexto\u00bb _builder_version=\u00bb4.16&#8243; text_letter_spacing=\u00bb0&#8243; text_line_height=\u00bb1.7&#8243; header_font_size=\u00bb30&#8243; header_letter_spacing=\u00bb0&#8243; header_line_height=\u00bb1&#8243; background_size=\u00bbinitial\u00bb background_position=\u00bbtop_left\u00bb background_repeat=\u00bbrepeat\u00bb use_border_color=\u00bboff\u00bb border_color=\u00bb#ffffff\u00bb border_width=\u00bb1&#8243; border_style=\u00bbsolid\u00bb global_colors_info=\u00bb{}\u00bb]<\/p>\n<h2 style=\"text-align: center; font-size: 30px; text-shadow: 3px 3px 3px black;\"><span style=\"color: #ff6600;\"><em><strong>CORTE DE\u00a0PLASMA EN TARRAGONA<br \/>\n<\/strong><\/em><\/span><\/h2>\n<p>[\/et_pb_text][et_pb_text admin_label=\u00bbTexto\u00bb _builder_version=\u00bb4.17.3&#8243; background_size=\u00bbinitial\u00bb background_position=\u00bbtop_left\u00bb background_repeat=\u00bbrepeat\u00bb use_border_color=\u00bboff\u00bb border_style=\u00bbsolid\u00bb global_colors_info=\u00bb{}\u00bb]<\/p>\n<p style=\"text-align: justify;\"><strong>En Construcciones y Montajes<\/strong> <strong>Santi<\/strong> nos dedicamos al <strong>corte a medida por plasma<\/strong>,\u00a0de chapas de acero estructural en toda Tarragona.<\/p>\n<p style=\"text-align: justify;\">El plasma es el cuarto estado de la materia. Por norma general pensamos en los tres estados de la materia como el s\u00f3lido, el l\u00edquido y el gaseoso. Para un elemento como el agua, estos tres estados son hielo, agua y vapor. La diferencia entre estos estados est\u00e1 relacionada con sus grados de energ\u00eda. Cuando aportamos energ\u00eda en forma de calor al hielo, \u00e9ste se derrite y se transforma en agua. Si proporcionamos m\u00e1s energ\u00eda, el agua se evapora en hidr\u00f3geno y ox\u00edgeno, en forma de vapor. Al aportar a\u00fan m\u00e1s energ\u00eda al vapor estos gases se ionizan. El proceso de ionizaci\u00f3n hace que el gas se convierta en un conductor de la electricidad. A este gas ionizado conductor se le llama plasma<strong>.<\/strong><\/p>\n<p style=\"text-align: justify;\">La alta velocidad del plasma, conduce la electricidad desde la antorcha de plasma a la pieza de trabajo. El plasma calienta la pieza de trabajo, fundiendo el material. El flujo de alta velocidad del gas ionizado sopla mec\u00e1nicamente el metal fundido, rompiendo el material.<\/p>\n<p style=\"text-align: justify;\">En<strong> Construcciones y Montajes Santi<\/strong> disponemos de toda la maquinaria y profesionales necesarios para llevar a cabo dichos trabajos con acabados de primer nivel.<\/p>\n<p>&nbsp;<\/p>\n<p>&nbsp;<\/p>\n<p>[\/et_pb_text][et_pb_cta title=\u00bb\u00a1Cont\u00e1ctenos!\u00bb button_url=\u00bbhttps:\/\/www.construccionsireformessanti.com\/contacto\/\u00bb button_text=\u00bbPresupuestos sin compromiso\u00bb admin_label=\u00bbLlamada a la acci\u00f3n\u00bb _builder_version=\u00bb4.16&#8243; header_text_color=\u00bb#ff6600&#8243; header_letter_spacing=\u00bb0&#8243; header_line_height=\u00bb1&#8243; body_text_color=\u00bb#000000&#8243; body_letter_spacing=\u00bb0&#8243; body_line_height=\u00bb1.7&#8243; use_background_color=\u00bboff\u00bb background_size=\u00bbinitial\u00bb background_position=\u00bbtop_left\u00bb background_repeat=\u00bbrepeat\u00bb custom_button=\u00bbon\u00bb button_text_color=\u00bb#000000&#8243; button_bg_color=\u00bb#ffffff\u00bb button_border_color=\u00bb#ff6600&#8243; border_width_all=\u00bb1&#8243; border_color_all=\u00bb#ffffff\u00bb border_style_all=\u00bbsolid\u00bb use_border_color=\u00bbon\u00bb border_color=\u00bb#ffffff\u00bb border_width=\u00bb1&#8243; border_style=\u00bbsolid\u00bb saved_tabs=\u00bball\u00bb global_colors_info=\u00bb{}\u00bb button_text_size__hover_enabled=\u00bboff\u00bb button_one_text_size__hover_enabled=\u00bboff\u00bb button_two_text_size__hover_enabled=\u00bboff\u00bb button_text_color__hover_enabled=\u00bboff\u00bb button_one_text_color__hover_enabled=\u00bboff\u00bb button_two_text_color__hover_enabled=\u00bboff\u00bb button_border_width__hover_enabled=\u00bboff\u00bb button_one_border_width__hover_enabled=\u00bboff\u00bb button_two_border_width__hover_enabled=\u00bboff\u00bb button_border_color__hover_enabled=\u00bboff\u00bb button_one_border_color__hover_enabled=\u00bboff\u00bb button_two_border_color__hover_enabled=\u00bboff\u00bb button_border_radius__hover_enabled=\u00bboff\u00bb button_one_border_radius__hover_enabled=\u00bboff\u00bb button_two_border_radius__hover_enabled=\u00bboff\u00bb button_letter_spacing__hover_enabled=\u00bboff\u00bb button_one_letter_spacing__hover_enabled=\u00bboff\u00bb button_two_letter_spacing__hover_enabled=\u00bboff\u00bb button_bg_color__hover_enabled=\u00bboff\u00bb button_one_bg_color__hover_enabled=\u00bboff\u00bb button_two_bg_color__hover_enabled=\u00bboff\u00bb] [\/et_pb_cta][et_pb_image src=\u00bbhttps:\/\/www.construccionsireformessanti.com\/wp-content\/uploads\/2018\/05\/plasma.jpg\u00bb alt=\u00bbplasma\u00bb title_text=\u00bbplasma\u00bb _builder_version=\u00bb4.17.3&#8243; _module_preset=\u00bbdefault\u00bb hover_enabled=\u00bb0&#8243; global_colors_info=\u00bb{}\u00bb align=\u00bbcenter\u00bb sticky_enabled=\u00bb0&#8243;][\/et_pb_image][\/et_pb_column][et_pb_column type=\u00bb1_4&#8243; _builder_version=\u00bb4.16&#8243; custom_padding=\u00bb|||\u00bb global_colors_info=\u00bb{}\u00bb custom_padding__hover=\u00bb|||\u00bb][et_pb_blog fullwidth=\u00bboff\u00bb posts_number=\u00bb3&#8243; include_categories=\u00bb18&#8243; show_thumbnail=\u00bboff\u00bb show_more=\u00bbon\u00bb show_author=\u00bboff\u00bb show_date=\u00bboff\u00bb show_categories=\u00bboff\u00bb admin_label=\u00bbBlog\u00bb _builder_version=\u00bb4.16&#8243; header_letter_spacing=\u00bb0&#8243; header_line_height=\u00bb1&#8243; body_letter_spacing=\u00bb0&#8243; body_line_height=\u00bb1.5&#8243; meta_letter_spacing=\u00bb0&#8243; meta_line_height=\u00bb1.5&#8243; use_border_color=\u00bboff\u00bb border_color=\u00bb#ffffff\u00bb border_width=\u00bb1&#8243; border_style=\u00bbsolid\u00bb use_dropshadow=\u00bboff\u00bb global_colors_info=\u00bb{}\u00bb] [\/et_pb_blog][\/et_pb_column][\/et_pb_row][\/et_pb_section][et_pb_section fb_built=\u00bb1&#8243; custom_padding_last_edited=\u00bbon|desktop\u00bb admin_label=\u00bbsection\u00bb _builder_version=\u00bb3.22&#8243; background_color=\u00bb#CE4F00&#8243; custom_padding=\u00bb0px|0px|0px|0px\u00bb custom_padding_tablet=\u00bb50px|0|50px|0&#8243; custom_padding_phone=\u00bb\u00bb transparent_background=\u00bboff\u00bb padding_mobile=\u00bboff\u00bb make_fullwidth=\u00bboff\u00bb use_custom_width=\u00bboff\u00bb width_unit=\u00bboff\u00bb custom_width_px=\u00bb1080px\u00bb custom_width_percent=\u00bb80%\u00bb global_module=\u00bb616&#8243; global_colors_info=\u00bb{}\u00bb][et_pb_row column_structure=\u00bb1_3,1_3,1_3&#8243; make_equal=\u00bbon\u00bb column_padding_mobile=\u00bbon\u00bb admin_label=\u00bbrow\u00bb _builder_version=\u00bb4.16&#8243; background_size=\u00bbinitial\u00bb background_position=\u00bbtop_left\u00bb background_repeat=\u00bbrepeat\u00bb custom_padding=\u00bb||||false|false\u00bb global_colors_info=\u00bb{}\u00bb][et_pb_column type=\u00bb1_3&#8243; _builder_version=\u00bb4.16&#8243; custom_padding=\u00bb0.8em|0.8em|0.8em|0.8em|true|true\u00bb box_shadow_style=\u00bbpreset3&#8243; box_shadow_vertical=\u00bb5px\u00bb box_shadow_blur=\u00bb17px\u00bb global_colors_info=\u00bb{}\u00bb custom_padding__hover=\u00bb|||\u00bb][et_pb_blurb title=\u00bbDirecci\u00f3n:\u00bb use_icon=\u00bbon\u00bb font_icon=\u00bb&#xe080;||divi||400&#8243; icon_placement=\u00bbleft\u00bb _builder_version=\u00bb4.16&#8243; header_level=\u00bbh3&#8243; header_font=\u00bb|on|||\u00bb header_text_color=\u00bb#000000&#8243; header_font_size=\u00bb18px\u00bb body_text_color=\u00bb#FFFFFF\u00bb body_font_size=\u00bb16px\u00bb background_size=\u00bbinitial\u00bb background_position=\u00bbtop_left\u00bb background_repeat=\u00bbrepeat\u00bb text_orientation=\u00bbcenter\u00bb custom_css_main_element=\u00bbheight:100%;\u00bb use_border_color=\u00bboff\u00bb border_color=\u00bb#ffffff\u00bb border_style=\u00bbsolid\u00bb global_colors_info=\u00bb{}\u00bb]C\/ Llenguaderes, 3<\/p>\n<p>43392 \u2013 Castellvell del Camp<\/p>\n<p>(Tarragona)[\/et_pb_blurb][\/et_pb_column][et_pb_column type=\u00bb1_3&#8243; _builder_version=\u00bb4.16&#8243; custom_padding=\u00bb0.8em|0.8em|0.8em|0.8em|true|true\u00bb box_shadow_style=\u00bbpreset3&#8243; box_shadow_vertical=\u00bb5px\u00bb box_shadow_blur=\u00bb17px\u00bb global_colors_info=\u00bb{}\u00bb custom_padding__hover=\u00bb|||\u00bb][et_pb_blurb title=\u00bbContacto:\u00bb use_icon=\u00bbon\u00bb font_icon=\u00bb&#xe090;||divi||400&#8243; icon_placement=\u00bbleft\u00bb _builder_version=\u00bb4.16&#8243; header_level=\u00bbh3&#8243; header_font=\u00bb|on|||\u00bb header_text_color=\u00bb#000000&#8243; header_font_size=\u00bb18px\u00bb body_font=\u00bb|700|||||||\u00bb body_text_color=\u00bb#FFFFFF\u00bb body_font_size=\u00bb16px\u00bb background_size=\u00bbinitial\u00bb background_position=\u00bbtop_left\u00bb background_repeat=\u00bbrepeat\u00bb text_orientation=\u00bbcenter\u00bb use_border_color=\u00bboff\u00bb border_color=\u00bb#ffffff\u00bb border_style=\u00bbsolid\u00bb global_colors_info=\u00bb{}\u00bb]<a style=\"color: #ffffff;\" href=\"tel:\/\/606312900\">606 312 900<\/a>[\/et_pb_blurb][et_pb_blurb url=\u00bbhttps:\/\/www.youtube.com\/channel\/UCjg_52j530v4yFYASsMTnJQ\u00bb use_icon=\u00bbon\u00bb font_icon=\u00bb&#xe0d1;||divi||400&#8243; icon_placement=\u00bbleft\u00bb _builder_version=\u00bb4.16&#8243; header_font=\u00bb|on|||\u00bb header_text_color=\u00bb#000000&#8243; header_font_size=\u00bb18px\u00bb body_font=\u00bb|700|||||||\u00bb body_font_size=\u00bb18px\u00bb background_size=\u00bbinitial\u00bb background_position=\u00bbtop_left\u00bb background_repeat=\u00bbrepeat\u00bb text_orientation=\u00bbcenter\u00bb use_border_color=\u00bboff\u00bb border_color=\u00bb#ffffff\u00bb border_style=\u00bbsolid\u00bb global_colors_info=\u00bb{}\u00bb]<\/p>\n<p>Youtube<\/p>\n<p>[\/et_pb_blurb][et_pb_blurb url=\u00bbhttps:\/\/www.instagram.com\/construccionessanti\/\u00bb use_icon=\u00bbon\u00bb font_icon=\u00bb&#xe0c8;||divi||400&#8243; icon_placement=\u00bbleft\u00bb _builder_version=\u00bb4.17.3&#8243; header_font=\u00bb|on|||\u00bb header_text_color=\u00bb#000000&#8243; header_font_size=\u00bb18px\u00bb body_font=\u00bb|700|||||||\u00bb body_font_size=\u00bb18px\u00bb background_size=\u00bbinitial\u00bb background_position=\u00bbtop_left\u00bb background_repeat=\u00bbrepeat\u00bb text_orientation=\u00bbcenter\u00bb link_option_url=\u00bbhttps:\/\/www.instagram.com\/construccionessanti\/\u00bb use_border_color=\u00bboff\u00bb border_color=\u00bb#ffffff\u00bb border_style=\u00bbsolid\u00bb global_colors_info=\u00bb{}\u00bb]<\/p>\n<p>Instagram<\/p>\n<p>[\/et_pb_blurb][\/et_pb_column][et_pb_column type=\u00bb1_3&#8243; _builder_version=\u00bb4.16&#8243; custom_padding=\u00bb0.8em|0.8em|0.8em|0.8em|true|true\u00bb box_shadow_style=\u00bbpreset3&#8243; box_shadow_vertical=\u00bb5px\u00bb box_shadow_blur=\u00bb17px\u00bb global_colors_info=\u00bb{}\u00bb custom_padding__hover=\u00bb|||\u00bb][et_pb_blurb title=\u00bbEnlaces de inter\u00e9s:\u00bb use_icon=\u00bbon\u00bb font_icon=\u00bb&#xe082;||divi||400&#8243; icon_placement=\u00bbleft\u00bb _builder_version=\u00bb4.16&#8243; header_level=\u00bbh3&#8243; header_font=\u00bb|on|||\u00bb header_text_color=\u00bb#000000&#8243; header_font_size=\u00bb18px\u00bb body_text_color=\u00bb#FFFFFF\u00bb body_font_size=\u00bb16px\u00bb body_link_text_color=\u00bb#FFFFFF\u00bb background_size=\u00bbinitial\u00bb background_position=\u00bbtop_left\u00bb background_repeat=\u00bbrepeat\u00bb text_orientation=\u00bbcenter\u00bb custom_css_main_element=\u00bbheight:100%;\u00bb use_border_color=\u00bboff\u00bb border_color=\u00bb#ffffff\u00bb border_style=\u00bbsolid\u00bb global_colors_info=\u00bb{}\u00bb]<a href=\"https:\/\/www.construccionsireformessanti.com\/reformas-en-tarragona\/\">Reformas en Tarragona<\/a><\/p>\n<p><a href=\"https:\/\/www.construccionsireformessanti.com\/rehabilitacion-pisos-tarragona\/\">Rehabilitaci\u00f3n de pisos en Tarragona<\/a><\/p>\n<p><a href=\"https:\/\/www.construccionsireformessanti.com\/suelos-estampados-tarragona\/\">Suelos estampados en Tarragona<\/a>[\/et_pb_blurb][\/et_pb_column][\/et_pb_row][\/et_pb_section]<\/p>","protected":false},"excerpt":{"rendered":"<p>Corte de plasma en Tarragona Construcciones y Montajes Santi CORTE DE\u00a0PLASMA EN TARRAGONA En Construcciones y Montajes Santi nos dedicamos al corte a medida por plasma,\u00a0de chapas de acero estructural en toda Tarragona. El plasma es el cuarto estado de la materia. Por norma general pensamos en los tres estados de la materia como el [&hellip;]<\/p>","protected":false},"author":1,"featured_media":0,"parent":0,"menu_order":0,"comment_status":"open","ping_status":"closed","template":"","meta":{"_et_pb_use_builder":"on","_et_pb_old_content":"","_et_gb_content_width":"","footnotes":""},"class_list":["post-450","page","type-page","status-publish","hentry"],"yoast_head":"<!-- This site is optimized with the Yoast SEO plugin v27.1.1 - https:\/\/yoast.com\/product\/yoast-seo-wordpress\/ -->\n<title>Corte de plasma en Tarragona - Construcciones y Montajes Santi<\/title>\n<meta name=\"description\" content=\"Corte de plasma en Tarragona, en construcciones y reformas santi podr\u00e1s cortar por plasma el acero que quieras ya a medida. Cambrils, Reus, Salou.\" \/>\n<meta name=\"robots\" content=\"index, follow, max-snippet:-1, max-image-preview:large, max-video-preview:-1\" \/>\n<link rel=\"canonical\" href=\"https:\/\/www.construccionsireformessanti.com\/ca\/corte-de-plasma-en-tarragona\/\" \/>\n<meta property=\"og:locale\" content=\"ca_ES\" \/>\n<meta property=\"og:type\" content=\"article\" \/>\n<meta property=\"og:title\" content=\"Corte de plasma en Tarragona - Construcciones y Montajes Santi\" \/>\n<meta property=\"og:description\" content=\"Corte de plasma en Tarragona, en construcciones y reformas santi podr\u00e1s cortar por plasma el acero que quieras ya a medida. Cambrils, Reus, Salou.\" \/>\n<meta property=\"og:url\" content=\"https:\/\/www.construccionsireformessanti.com\/ca\/corte-de-plasma-en-tarragona\/\" \/>\n<meta property=\"og:site_name\" content=\"Construcciones y Montajes Santi\" \/>\n<meta property=\"article:modified_time\" content=\"2022-07-07T10:50:45+00:00\" \/>\n<meta name=\"twitter:card\" content=\"summary_large_image\" \/>\n<meta name=\"twitter:label1\" content=\"Temps estimat de lectura\" \/>\n\t<meta name=\"twitter:data1\" content=\"9 minuts\" \/>\n<script type=\"application\/ld+json\" class=\"yoast-schema-graph\">{\"@context\":\"https:\/\/schema.org\",\"@graph\":[{\"@type\":\"WebPage\",\"@id\":\"https:\/\/www.construccionsireformessanti.com\/corte-de-plasma-en-tarragona\/\",\"url\":\"https:\/\/www.construccionsireformessanti.com\/corte-de-plasma-en-tarragona\/\",\"name\":\"Corte de plasma en Tarragona - Construcciones y Montajes Santi\",\"isPartOf\":{\"@id\":\"https:\/\/www.construccionsireformessanti.com\/#website\"},\"datePublished\":\"2015-06-09T17:53:02+00:00\",\"dateModified\":\"2022-07-07T10:50:45+00:00\",\"description\":\"Corte de plasma en Tarragona, en construcciones y reformas santi podr\u00e1s cortar por plasma el acero que quieras ya a medida. Cambrils, Reus, Salou.\",\"breadcrumb\":{\"@id\":\"https:\/\/www.construccionsireformessanti.com\/corte-de-plasma-en-tarragona\/#breadcrumb\"},\"inLanguage\":\"ca\",\"potentialAction\":[{\"@type\":\"ReadAction\",\"target\":[\"https:\/\/www.construccionsireformessanti.com\/corte-de-plasma-en-tarragona\/\"]}]},{\"@type\":\"BreadcrumbList\",\"@id\":\"https:\/\/www.construccionsireformessanti.com\/corte-de-plasma-en-tarragona\/#breadcrumb\",\"itemListElement\":[{\"@type\":\"ListItem\",\"position\":1,\"name\":\"Portada\",\"item\":\"https:\/\/www.construccionsireformessanti.com\/\"},{\"@type\":\"ListItem\",\"position\":2,\"name\":\"Corte de plasma en Tarragona\"}]},{\"@type\":\"WebSite\",\"@id\":\"https:\/\/www.construccionsireformessanti.com\/#website\",\"url\":\"https:\/\/www.construccionsireformessanti.com\/\",\"name\":\"Construcciones y Montajes Santi\",\"description\":\"Construcciones en Tarragona\",\"potentialAction\":[{\"@type\":\"SearchAction\",\"target\":{\"@type\":\"EntryPoint\",\"urlTemplate\":\"https:\/\/www.construccionsireformessanti.com\/?s={search_term_string}\"},\"query-input\":{\"@type\":\"PropertyValueSpecification\",\"valueRequired\":true,\"valueName\":\"search_term_string\"}}],\"inLanguage\":\"ca\"}]}<\/script>\n<!-- \/ Yoast SEO plugin. -->","yoast_head_json":{"title":"Corte de plasma en Tarragona - Construcciones y Montajes Santi","description":"Corte de plasma en Tarragona, en construcciones y reformas santi podr\u00e1s cortar por plasma el acero que quieras ya a medida. Cambrils, Reus, Salou.","robots":{"index":"index","follow":"follow","max-snippet":"max-snippet:-1","max-image-preview":"max-image-preview:large","max-video-preview":"max-video-preview:-1"},"canonical":"https:\/\/www.construccionsireformessanti.com\/ca\/corte-de-plasma-en-tarragona\/","og_locale":"ca_ES","og_type":"article","og_title":"Corte de plasma en Tarragona - Construcciones y Montajes Santi","og_description":"Corte de plasma en Tarragona, en construcciones y reformas santi podr\u00e1s cortar por plasma el acero que quieras ya a medida. Cambrils, Reus, Salou.","og_url":"https:\/\/www.construccionsireformessanti.com\/ca\/corte-de-plasma-en-tarragona\/","og_site_name":"Construcciones y Montajes Santi","article_modified_time":"2022-07-07T10:50:45+00:00","twitter_card":"summary_large_image","twitter_misc":{"Temps estimat de lectura":"9 minuts"},"schema":{"@context":"https:\/\/schema.org","@graph":[{"@type":"WebPage","@id":"https:\/\/www.construccionsireformessanti.com\/corte-de-plasma-en-tarragona\/","url":"https:\/\/www.construccionsireformessanti.com\/corte-de-plasma-en-tarragona\/","name":"Corte de plasma en Tarragona - Construcciones y Montajes Santi","isPartOf":{"@id":"https:\/\/www.construccionsireformessanti.com\/#website"},"datePublished":"2015-06-09T17:53:02+00:00","dateModified":"2022-07-07T10:50:45+00:00","description":"Corte de plasma en Tarragona, en construcciones y reformas santi podr\u00e1s cortar por plasma el acero que quieras ya a medida. Cambrils, Reus, Salou.","breadcrumb":{"@id":"https:\/\/www.construccionsireformessanti.com\/corte-de-plasma-en-tarragona\/#breadcrumb"},"inLanguage":"ca","potentialAction":[{"@type":"ReadAction","target":["https:\/\/www.construccionsireformessanti.com\/corte-de-plasma-en-tarragona\/"]}]},{"@type":"BreadcrumbList","@id":"https:\/\/www.construccionsireformessanti.com\/corte-de-plasma-en-tarragona\/#breadcrumb","itemListElement":[{"@type":"ListItem","position":1,"name":"Portada","item":"https:\/\/www.construccionsireformessanti.com\/"},{"@type":"ListItem","position":2,"name":"Corte de plasma en Tarragona"}]},{"@type":"WebSite","@id":"https:\/\/www.construccionsireformessanti.com\/#website","url":"https:\/\/www.construccionsireformessanti.com\/","name":"Construccions i Muntatges Santi","description":"Construcciones en Tarragona","potentialAction":[{"@type":"SearchAction","target":{"@type":"EntryPoint","urlTemplate":"https:\/\/www.construccionsireformessanti.com\/?s={search_term_string}"},"query-input":{"@type":"PropertyValueSpecification","valueRequired":true,"valueName":"search_term_string"}}],"inLanguage":"ca"}]}},"_links":{"self":[{"href":"https:\/\/www.construccionsireformessanti.com\/ca\/wp-json\/wp\/v2\/pages\/450","targetHints":{"allow":["GET"]}}],"collection":[{"href":"https:\/\/www.construccionsireformessanti.com\/ca\/wp-json\/wp\/v2\/pages"}],"about":[{"href":"https:\/\/www.construccionsireformessanti.com\/ca\/wp-json\/wp\/v2\/types\/page"}],"author":[{"embeddable":true,"href":"https:\/\/www.construccionsireformessanti.com\/ca\/wp-json\/wp\/v2\/users\/1"}],"replies":[{"embeddable":true,"href":"https:\/\/www.construccionsireformessanti.com\/ca\/wp-json\/wp\/v2\/comments?post=450"}],"version-history":[{"count":27,"href":"https:\/\/www.construccionsireformessanti.com\/ca\/wp-json\/wp\/v2\/pages\/450\/revisions"}],"predecessor-version":[{"id":1907,"href":"https:\/\/www.construccionsireformessanti.com\/ca\/wp-json\/wp\/v2\/pages\/450\/revisions\/1907"}],"wp:attachment":[{"href":"https:\/\/www.construccionsireformessanti.com\/ca\/wp-json\/wp\/v2\/media?parent=450"}],"curies":[{"name":"wp","href":"https:\/\/api.w.org\/{rel}","templated":true}]}}